{"id":7679,"date":"2019-09-02T11:58:45","date_gmt":"2019-09-02T09:58:45","guid":{"rendered":"https:\/\/b6.aerostatonet.it\/terme-e-benessere-in-toscana.html"},"modified":"2024-07-19T19:39:10","modified_gmt":"2024-07-19T17:39:10","slug":"spas-et-bien-etre-en-toscane","status":"publish","type":"page","link":"https:\/\/www.villaggioorizzonte.it\/fr\/spas-et-bien-etre-en-toscane.html","title":{"rendered":"Spas et Bien-\u00eatre"},"content":{"rendered":"<p>[et_pb_section fb_built=\u00a0\u00bb1&Prime; admin_label=\u00a0\u00bbTestata\u00a0\u00bb _builder_version=\u00a0\u00bb4.16&Prime; _module_preset=\u00a0\u00bbdefault\u00a0\u00bb custom_margin=\u00a0\u00bb0px|0px|0px||false|false\u00a0\u00bb custom_padding=\u00a0\u00bb0px|0px|0px|0px|false|false\u00a0\u00bb da_disable_devices=\u00a0\u00bboff|off|off\u00a0\u00bb saved_tabs=\u00a0\u00bball\u00a0\u00bb locked=\u00a0\u00bboff\u00a0\u00bb collapsed=\u00a0\u00bboff\u00a0\u00bb global_colors_info=\u00a0\u00bb{}\u00a0\u00bb da_is_popup=\u00a0\u00bboff\u00a0\u00bb da_exit_intent=\u00a0\u00bboff\u00a0\u00bb da_has_close=\u00a0\u00bbon\u00a0\u00bb da_alt_close=\u00a0\u00bboff\u00a0\u00bb da_dark_close=\u00a0\u00bboff\u00a0\u00bb da_not_modal=\u00a0\u00bbon\u00a0\u00bb da_is_singular=\u00a0\u00bboff\u00a0\u00bb da_with_loader=\u00a0\u00bboff\u00a0\u00bb da_has_shadow=\u00a0\u00bbon\u00a0\u00bb][et_pb_row use_custom_gutter=\u00a0\u00bbon\u00a0\u00bb gutter_width=\u00a0\u00bb1&Prime; admin_label=\u00a0\u00bbSfondo immagine\u00a0\u00bb module_class=\u00a0\u00bbtestata\u00a0\u00bb _builder_version=\u00a0\u00bb4.16&Prime; _module_preset=\u00a0\u00bbdefault\u00a0\u00bb background_color=\u00a0\u00bbRGBA(255,255,255,0)\u00a0\u00bb background_enable_image=\u00a0\u00bboff\u00a0\u00bb width=\u00a0\u00bb100%\u00a0\u00bb max_width=\u00a0\u00bb100%\u00a0\u00bb module_alignment=\u00a0\u00bbcenter\u00a0\u00bb height=\u00a0\u00bb88vh\u00a0\u00bb overflow-x=\u00a0\u00bbhidden\u00a0\u00bb overflow-y=\u00a0\u00bbhidden\u00a0\u00bb locked=\u00a0\u00bboff\u00a0\u00bb collapsed=\u00a0\u00bboff\u00a0\u00bb global_colors_info=\u00a0\u00bb{}\u00a0\u00bb custom_css_main_element_last_edited=\u00a0\u00bbon|phone\u00a0\u00bb custom_css_main_element_phone=\u00a0\u00bbmax-height: 550px!important;\u00a0\u00bb][et_pb_column type=\u00a0\u00bb4_4&Prime; _builder_version=\u00a0\u00bb4.16&Prime; _module_preset=\u00a0\u00bbdefault\u00a0\u00bb global_colors_info=\u00a0\u00bb{}\u00a0\u00bb][et_pb_image src=\u00a0\u00bbhttps:\/\/www.villaggioorizzonte.it\/wp-content\/uploads\/2019\/10\/terme-benessere-toscana.jpg\u00a0\u00bb alt=\u00a0\u00bbTerme e Benessere Toscana\u00a0\u00bb title_text=\u00a0\u00bbterme-e-benessere-mobile\u00a0\u00bb force_fullwidth=\u00a0\u00bbon\u00a0\u00bb src_tablet=\u00a0\u00bbhttps:\/\/www.villaggioorizzonte.it\/wp-content\/uploads\/2019\/10\/terme-benessere-toscana.jpg\u00a0\u00bb src_phone=\u00a0\u00bbhttps:\/\/www.villaggioorizzonte.it\/wp-content\/uploads\/2022\/03\/terme-e-benessere-mobile.jpg\u00a0\u00bb src_last_edited=\u00a0\u00bbon|phone\u00a0\u00bb _builder_version=\u00a0\u00bb4.16&Prime; _module_preset=\u00a0\u00bbdefault\u00a0\u00bb transform_scale_tablet=\u00a0\u00bb\u00a0\u00bb transform_scale_phone=\u00a0\u00bb\u00a0\u00bb transform_scale_last_edited=\u00a0\u00bbon|desktop\u00a0\u00bb transform_translate=\u00a0\u00bb-2px|0px\u00a0\u00bb transform_translate_tablet=\u00a0\u00bb-2px|0px\u00a0\u00bb transform_translate_phone=\u00a0\u00bb-2px|0px\u00a0\u00bb transform_translate_last_edited=\u00a0\u00bbon|desktop\u00a0\u00bb transform_rotate_tablet=\u00a0\u00bb\u00a0\u00bb transform_rotate_phone=\u00a0\u00bb\u00a0\u00bb transform_rotate_last_edited=\u00a0\u00bbon|desktop\u00a0\u00bb transform_skew_tablet=\u00a0\u00bb\u00a0\u00bb transform_skew_phone=\u00a0\u00bb\u00a0\u00bb transform_skew_last_edited=\u00a0\u00bbon|desktop\u00a0\u00bb transform_origin_tablet=\u00a0\u00bb\u00a0\u00bb transform_origin_phone=\u00a0\u00bb\u00a0\u00bb transform_origin_last_edited=\u00a0\u00bbon|phone\u00a0\u00bb transform_styles_last_edited=\u00a0\u00bbon|phone\u00a0\u00bb transform_styles_tablet=\u00a0\u00bb\u00a0\u00bb transform_styles_phone=\u00a0\u00bb\u00a0\u00bb saved_tabs=\u00a0\u00bball\u00a0\u00bb global_colors_info=\u00a0\u00bb{}\u00a0\u00bb][\/et_pb_image][\/et_pb_column][\/et_pb_row][et_pb_row column_structure=\u00a0\u00bb2_5,3_5&Prime; use_custom_gutter=\u00a0\u00bbon\u00a0\u00bb gutter_width=\u00a0\u00bb1&Prime; make_equal=\u00a0\u00bbon\u00a0\u00bb admin_label=\u00a0\u00bbTitolo\u00a0\u00bb _builder_version=\u00a0\u00bb4.16&Prime; _module_preset=\u00a0\u00bbdefault\u00a0\u00bb background_color=\u00a0\u00bbRGBA(255,255,255,0)\u00a0\u00bb width=\u00a0\u00bb100%\u00a0\u00bb max_width=\u00a0\u00bb100%\u00a0\u00bb module_alignment=\u00a0\u00bbleft\u00a0\u00bb custom_margin=\u00a0\u00bb-163px||||false|false\u00a0\u00bb custom_margin_tablet=\u00a0\u00bb-163px||||false|false\u00a0\u00bb custom_margin_phone=\u00a0\u00bb-124px||||false|false\u00a0\u00bb custom_margin_last_edited=\u00a0\u00bbon|phone\u00a0\u00bb custom_padding=\u00a0\u00bb||||true|false\u00a0\u00bb collapsed=\u00a0\u00bbon\u00a0\u00bb global_colors_info=\u00a0\u00bb{}\u00a0\u00bb][et_pb_column type=\u00a0\u00bb2_5&Prime; disabled_on=\u00a0\u00bboff|off|off\u00a0\u00bb _builder_version=\u00a0\u00bb4.16&Prime; _module_preset=\u00a0\u00bbdefault\u00a0\u00bb global_colors_info=\u00a0\u00bb{}\u00a0\u00bb custom_css_main_element_last_edited=\u00a0\u00bbon|phone\u00a0\u00bb custom_css_main_element_phone=\u00a0\u00bbwidth:30px!important;||display:block!important;\u00a0\u00bb][\/et_pb_column][et_pb_column type=\u00a0\u00bb3_5&Prime; _builder_version=\u00a0\u00bb4.16&Prime; _module_preset=\u00a0\u00bbdefault\u00a0\u00bb background_color=\u00a0\u00bb#FFFFFF\u00a0\u00bb custom_padding=\u00a0\u00bb25px||25px|30px|true|false\u00a0\u00bb custom_padding_tablet=\u00a0\u00bb25px||25px|30px|true|false\u00a0\u00bb custom_padding_phone=\u00a0\u00bb||5px|20px|false|false\u00a0\u00bb custom_padding_last_edited=\u00a0\u00bbon|phone\u00a0\u00bb global_colors_info=\u00a0\u00bb{}\u00a0\u00bb custom_css_main_element_last_edited=\u00a0\u00bbon|phone\u00a0\u00bb custom_css_main_element_phone=\u00a0\u00bbwidth: calc(100% &#8211; 30px)!important;\u00a0\u00bb][et_pb_text admin_label=\u00a0\u00bbTesto\u00a0\u00bb _builder_version=\u00a0\u00bb4.16&Prime; _module_preset=\u00a0\u00bbdefault\u00a0\u00bb background_color=\u00a0\u00bbRGBA(255,255,255,0)\u00a0\u00bb saved_tabs=\u00a0\u00bball\u00a0\u00bb global_colors_info=\u00a0\u00bb{}\u00a0\u00bb]<\/p>\n<h2 class=\"h1app\">Spas et Bien-\u00eatre en Toscane<\/h2>\n<p>[\/et_pb_text][\/et_pb_column][\/et_pb_row][\/et_pb_section][et_pb_section fb_built=\u00a0\u00bb1&Prime; admin_label=\u00a0\u00bbIntro\u00a0\u00bb _builder_version=\u00a0\u00bb4.16&Prime; _module_preset=\u00a0\u00bbdefault\u00a0\u00bb da_disable_devices=\u00a0\u00bboff|off|off\u00a0\u00bb collapsed=\u00a0\u00bbon\u00a0\u00bb global_colors_info=\u00a0\u00bb{}\u00a0\u00bb da_is_popup=\u00a0\u00bboff\u00a0\u00bb da_exit_intent=\u00a0\u00bboff\u00a0\u00bb da_has_close=\u00a0\u00bbon\u00a0\u00bb da_alt_close=\u00a0\u00bboff\u00a0\u00bb da_dark_close=\u00a0\u00bboff\u00a0\u00bb da_not_modal=\u00a0\u00bbon\u00a0\u00bb da_is_singular=\u00a0\u00bboff\u00a0\u00bb da_with_loader=\u00a0\u00bboff\u00a0\u00bb da_has_shadow=\u00a0\u00bbon\u00a0\u00bb][et_pb_row _builder_version=\u00a0\u00bb4.16&Prime; _module_preset=\u00a0\u00bbdefault\u00a0\u00bb collapsed=\u00a0\u00bbon\u00a0\u00bb global_colors_info=\u00a0\u00bb{}\u00a0\u00bb][et_pb_column type=\u00a0\u00bb4_4&Prime; _builder_version=\u00a0\u00bb4.16&Prime; _module_preset=\u00a0\u00bbdefault\u00a0\u00bb background_enable_color=\u00a0\u00bboff\u00a0\u00bb custom_padding=\u00a0\u00bb||||true|false\u00a0\u00bb global_colors_info=\u00a0\u00bb{}\u00a0\u00bb][et_pb_text _builder_version=\u00a0\u00bb4.16&Prime; _module_preset=\u00a0\u00bbdefault\u00a0\u00bb global_colors_info=\u00a0\u00bb{}\u00a0\u00bb]<\/p>\n<p>La Toscane est une r\u00e9gion qui se pr\u00eate bien \u00e0 de nombreux types de vacances, gr\u00e2ce \u00e0 un territoire h\u00e9t\u00e9rog\u00e8ne qui parvient \u00e0 satisfaire les besoins de tous, ou presque!<\/p>\n<p>Si vous \u00eates en vacances au <strong>Village Orizzonte<\/strong>, quelle que soit la saison, offrez-vous une journ\u00e9e de d\u00e9tente aux Spas de la r\u00e9gion. De plus en plus de touristes recherchent des <strong>spas et du bien-\u00eatre en Toscane<\/strong>, pour allier la beaut\u00e9 de la r\u00e9gion au besoin de se d\u00e9tendre.<\/p>\n<p>Lib\u00e9rez votre esprit des pens\u00e9es de la vie quotidienne, accordez-vous du temps rien que pour vous et laissez-vous dorloter par les experts en bien-\u00eatre qui sauront r\u00e9g\u00e9n\u00e9rer non seulement votre corps, mais surtout votre esprit.<\/p>\n<p>[\/et_pb_text][\/et_pb_column][\/et_pb_row][\/et_pb_section][et_pb_section fb_built=\u00a0\u00bb1&Prime; admin_label=\u00a0\u00bbCalidario\u00a0\u00bb _builder_version=\u00a0\u00bb4.16&Prime; _module_preset=\u00a0\u00bbdefault\u00a0\u00bb da_disable_devices=\u00a0\u00bboff|off|off\u00a0\u00bb collapsed=\u00a0\u00bboff\u00a0\u00bb global_colors_info=\u00a0\u00bb{}\u00a0\u00bb da_is_popup=\u00a0\u00bboff\u00a0\u00bb da_exit_intent=\u00a0\u00bboff\u00a0\u00bb da_has_close=\u00a0\u00bbon\u00a0\u00bb da_alt_close=\u00a0\u00bboff\u00a0\u00bb da_dark_close=\u00a0\u00bboff\u00a0\u00bb da_not_modal=\u00a0\u00bbon\u00a0\u00bb da_is_singular=\u00a0\u00bboff\u00a0\u00bb da_with_loader=\u00a0\u00bboff\u00a0\u00bb da_has_shadow=\u00a0\u00bbon\u00a0\u00bb][et_pb_row _builder_version=\u00a0\u00bb4.16&Prime; _module_preset=\u00a0\u00bbdefault\u00a0\u00bb collapsed=\u00a0\u00bbon\u00a0\u00bb global_colors_info=\u00a0\u00bb{}\u00a0\u00bb][et_pb_column type=\u00a0\u00bb4_4&Prime; _builder_version=\u00a0\u00bb4.16&Prime; _module_preset=\u00a0\u00bbdefault\u00a0\u00bb global_colors_info=\u00a0\u00bb{}\u00a0\u00bb][et_pb_image src=\u00a0\u00bbhttps:\/\/www.villaggioorizzonte.it\/wp-content\/uploads\/2019\/10\/calidario-terme-etrusche.jpg\u00a0\u00bb alt=\u00a0\u00bbCalidario Terme Etrusche\u00a0\u00bb title_text=\u00a0\u00bbCalidario Terme Etrusche\u00a0\u00bb force_fullwidth=\u00a0\u00bbon\u00a0\u00bb _builder_version=\u00a0\u00bb4.16&Prime; _module_preset=\u00a0\u00bbdefault\u00a0\u00bb global_colors_info=\u00a0\u00bb{}\u00a0\u00bb][\/et_pb_image][\/et_pb_column][\/et_pb_row][et_pb_row column_structure=\u00a0\u00bb3_4,1_4&Prime; make_equal=\u00a0\u00bbon\u00a0\u00bb _builder_version=\u00a0\u00bb4.16&Prime; _module_preset=\u00a0\u00bbdefault\u00a0\u00bb custom_margin=\u00a0\u00bb||||false|false\u00a0\u00bb custom_padding=\u00a0\u00bb||||false|false\u00a0\u00bb collapsed=\u00a0\u00bboff\u00a0\u00bb global_colors_info=\u00a0\u00bb{}\u00a0\u00bb][et_pb_column type=\u00a0\u00bb3_4&Prime; _builder_version=\u00a0\u00bb4.16&Prime; _module_preset=\u00a0\u00bbdefault\u00a0\u00bb global_colors_info=\u00a0\u00bb{}\u00a0\u00bb][et_pb_text _builder_version=\u00a0\u00bb4.16&Prime; _module_preset=\u00a0\u00bbdefault\u00a0\u00bb global_colors_info=\u00a0\u00bb{}\u00a0\u00bb]<\/p>\n<h4 class=\"h4pag\">Il Calidario Terme Etrusche<\/h4>\n<p>Le plus ancien spa de <strong>Venturina Terme<\/strong>, le <strong>Calidario<\/strong>, s\u2019\u00e9levant autour d\u2019un ancien lac naturel d\u2019eau thermale de 3 000 m\u00e8tres carr\u00e9s, o\u00f9 l\u2019eau coule naturellement \u00e0 une temp\u00e9rature de 36 degr\u00e9s. Entour\u00e9 d\u2019une v\u00e9g\u00e9tation parfum\u00e9e et de ce qui reste d\u2019 anciennes murailles construites par Cosimo dei Medici le Calidario est certainement l\u2019un des t\u00e9moignages les plus vivants et fascinants des anciennes traditions du peuple \u00e9trusque, qui aurait eu l\u2019habitude de se plonger dans ces eaux ancestrales.En plus du lac ext\u00e9rieur, l\u2019h\u00f4tel propose \u00e0 ses clients le Thermarium, le parcours thermale des \u00e9trusques et, sur demande, des soins de bien-\u00eatre et des massages relaxants.<\/p>\n<p>[\/et_pb_text][\/et_pb_column][et_pb_column type=\u00a0\u00bb1_4&Prime; _builder_version=\u00a0\u00bb4.16&Prime; _module_preset=\u00a0\u00bbdefault\u00a0\u00bb background_color=\u00a0\u00bbgcid-df06f6f6-ef4e-4136-8f6e-3deb1fe502b8&Prime; custom_padding=\u00a0\u00bb20px|20px|20px|20px|false|false\u00a0\u00bb global_colors_info=\u00a0\u00bb{%22gcid-df06f6f6-ef4e-4136-8f6e-3deb1fe502b8%22:%91%22background_color%22%93}\u00a0\u00bb][et_pb_text _builder_version=\u00a0\u00bb4.21.0&Prime; _module_preset=\u00a0\u00bbdefault\u00a0\u00bb text_font=\u00a0\u00bbKrona One||||||||\u00a0\u00bb text_text_color=\u00a0\u00bb#FFFFFF\u00a0\u00bb custom_margin=\u00a0\u00bb||11px||false|false\u00a0\u00bb global_colors_info=\u00a0\u00bb{}\u00a0\u00bb]<\/p>\n<p>Traitement r\u00e9serv\u00e9 aux invit\u00e9s du Villaggio Orizzonte<\/p>\n<p>[\/et_pb_text][et_pb_button button_url=\u00a0\u00bbhttps:\/\/www.villaggioorizzonte.it\/fr\/calidario-terme-etrusche.html\u00a0\u00bb button_text=\u00a0\u00bbEn savoir plus\u00a0\u00bb _builder_version=\u00a0\u00bb4.21.0&Prime; _module_preset=\u00a0\u00bbdefault\u00a0\u00bb hover_enabled=\u00a0\u00bb0&Prime; global_colors_info=\u00a0\u00bb{}\u00a0\u00bb locked=\u00a0\u00bboff\u00a0\u00bb sticky_enabled=\u00a0\u00bb0&Prime;][\/et_pb_button][\/et_pb_column][\/et_pb_row][\/et_pb_section][et_pb_section fb_built=\u00a0\u00bb1&Prime; admin_label=\u00a0\u00bbSassetta\u00a0\u00bb _builder_version=\u00a0\u00bb4.16&Prime; _module_preset=\u00a0\u00bbdefault\u00a0\u00bb da_disable_devices=\u00a0\u00bboff|off|off\u00a0\u00bb collapsed=\u00a0\u00bbon\u00a0\u00bb global_colors_info=\u00a0\u00bb{}\u00a0\u00bb da_is_popup=\u00a0\u00bboff\u00a0\u00bb da_exit_intent=\u00a0\u00bboff\u00a0\u00bb da_has_close=\u00a0\u00bbon\u00a0\u00bb da_alt_close=\u00a0\u00bboff\u00a0\u00bb da_dark_close=\u00a0\u00bboff\u00a0\u00bb da_not_modal=\u00a0\u00bbon\u00a0\u00bb da_is_singular=\u00a0\u00bboff\u00a0\u00bb da_with_loader=\u00a0\u00bboff\u00a0\u00bb da_has_shadow=\u00a0\u00bbon\u00a0\u00bb][et_pb_row _builder_version=\u00a0\u00bb4.16&Prime; _module_preset=\u00a0\u00bbdefault\u00a0\u00bb collapsed=\u00a0\u00bbon\u00a0\u00bb global_colors_info=\u00a0\u00bb{}\u00a0\u00bb][et_pb_column type=\u00a0\u00bb4_4&Prime; _builder_version=\u00a0\u00bb4.16&Prime; _module_preset=\u00a0\u00bbdefault\u00a0\u00bb global_colors_info=\u00a0\u00bb{}\u00a0\u00bb][et_pb_image src=\u00a0\u00bbhttps:\/\/www.villaggioorizzonte.it\/wp-content\/uploads\/2019\/10\/terme-cerreta.jpg\u00a0\u00bb alt=\u00a0\u00bbTerme di Cerreta\u00a0\u00bb title_text=\u00a0\u00bbTerme di Cerreta\u00a0\u00bb force_fullwidth=\u00a0\u00bbon\u00a0\u00bb _builder_version=\u00a0\u00bb4.16&Prime; _module_preset=\u00a0\u00bbdefault\u00a0\u00bb global_colors_info=\u00a0\u00bb{}\u00a0\u00bb][\/et_pb_image][\/et_pb_column][\/et_pb_row][et_pb_row _builder_version=\u00a0\u00bb4.16&Prime; _module_preset=\u00a0\u00bbdefault\u00a0\u00bb collapsed=\u00a0\u00bbon\u00a0\u00bb global_colors_info=\u00a0\u00bb{}\u00a0\u00bb][et_pb_column type=\u00a0\u00bb4_4&Prime; _builder_version=\u00a0\u00bb4.16&Prime; _module_preset=\u00a0\u00bbdefault\u00a0\u00bb global_colors_info=\u00a0\u00bb{}\u00a0\u00bb][et_pb_text _builder_version=\u00a0\u00bb4.16&Prime; _module_preset=\u00a0\u00bbdefault\u00a0\u00bb global_colors_info=\u00a0\u00bb{}\u00a0\u00bb]<\/p>\n<h4 class=\"h4pag\">Terme di Sassetta<\/h4>\n<p>Nich\u00e9 parmi les ch\u00e2taigniers et les ch\u00eanes du parc forestier de Poggio Neri, nous trouvons le centre thermal de La Cerreta. Dans ces bois, l\u2019eau thermale na\u00eet naturellement \u00e0 une temp\u00e9rature de 50 \u00b0 C et alimente toute la structure. \u00c0 l\u2019ext\u00e9rieur, plusieurs bassins d\u2019eau \u00e0 diff\u00e9rentes temp\u00e9ratures vous permettront de vous r\u00e9g\u00e9n\u00e9rer et de vous d\u00e9tendre. \u00c0 l\u2019int\u00e9rieur, vous pourrez profiter de la piscine principale avec de l\u2019eau \u00e0 38 degr\u00e9s, de la vapeur du bain turc, de la chaleur s\u00e8che du sauna et du sentier Kneipp. Sur demande, vous pourrez profiter de massages et de soins relaxants.<\/p>\n<p>[\/et_pb_text][\/et_pb_column][\/et_pb_row][\/et_pb_section][et_pb_section fb_built=\u00a0\u00bb1&Prime; admin_label=\u00a0\u00bbSaturnia\u00a0\u00bb _builder_version=\u00a0\u00bb4.16&Prime; _module_preset=\u00a0\u00bbdefault\u00a0\u00bb da_disable_devices=\u00a0\u00bboff|off|off\u00a0\u00bb collapsed=\u00a0\u00bbon\u00a0\u00bb global_colors_info=\u00a0\u00bb{}\u00a0\u00bb da_is_popup=\u00a0\u00bboff\u00a0\u00bb da_exit_intent=\u00a0\u00bboff\u00a0\u00bb da_has_close=\u00a0\u00bbon\u00a0\u00bb da_alt_close=\u00a0\u00bboff\u00a0\u00bb da_dark_close=\u00a0\u00bboff\u00a0\u00bb da_not_modal=\u00a0\u00bbon\u00a0\u00bb da_is_singular=\u00a0\u00bboff\u00a0\u00bb da_with_loader=\u00a0\u00bboff\u00a0\u00bb da_has_shadow=\u00a0\u00bbon\u00a0\u00bb][et_pb_row _builder_version=\u00a0\u00bb4.16&Prime; _module_preset=\u00a0\u00bbdefault\u00a0\u00bb collapsed=\u00a0\u00bbon\u00a0\u00bb global_colors_info=\u00a0\u00bb{}\u00a0\u00bb][et_pb_column type=\u00a0\u00bb4_4&Prime; _builder_version=\u00a0\u00bb4.16&Prime; _module_preset=\u00a0\u00bbdefault\u00a0\u00bb global_colors_info=\u00a0\u00bb{}\u00a0\u00bb][et_pb_image src=\u00a0\u00bbhttps:\/\/www.villaggioorizzonte.it\/wp-content\/uploads\/2019\/10\/terme-saturnia.jpg\u00a0\u00bb alt=\u00a0\u00bbTerme di Saturnia\u00a0\u00bb title_text=\u00a0\u00bbTerme di Saturnia\u00a0\u00bb force_fullwidth=\u00a0\u00bbon\u00a0\u00bb _builder_version=\u00a0\u00bb4.16&Prime; _module_preset=\u00a0\u00bbdefault\u00a0\u00bb global_colors_info=\u00a0\u00bb{}\u00a0\u00bb][\/et_pb_image][\/et_pb_column][\/et_pb_row][et_pb_row _builder_version=\u00a0\u00bb4.16&Prime; _module_preset=\u00a0\u00bbdefault\u00a0\u00bb collapsed=\u00a0\u00bbon\u00a0\u00bb global_colors_info=\u00a0\u00bb{}\u00a0\u00bb][et_pb_column type=\u00a0\u00bb4_4&Prime; _builder_version=\u00a0\u00bb4.16&Prime; _module_preset=\u00a0\u00bbdefault\u00a0\u00bb global_colors_info=\u00a0\u00bb{}\u00a0\u00bb][et_pb_text _builder_version=\u00a0\u00bb4.16&Prime; _module_preset=\u00a0\u00bbdefault\u00a0\u00bb global_colors_info=\u00a0\u00bb{}\u00a0\u00bb]<\/p>\n<h4 class=\"h4pag\">Terme di Saturnia<\/h4>\n<p>Le nom a maintenant une r\u00e9sonance internationale et si vous \u00eates en Toscane, nous vous recommandons de passer une journ\u00e9e \u00e0 visiter les Terme di Saturnia.<br \/>\nUne seule source thermale qui coule \u00e0 une temp\u00e9rature constante de 37,5 degr\u00e9s alimente une merveilleuse oasis de d\u00e9tente, l\u2019une des plus grandes d\u2019Europe, compos\u00e9e de 4 piscines ext\u00e9rieures, de bains \u00e0 remous, de cascades et de chemins vasculaires. En plus des piscines du parc thermal, vous trouverez \u00e9galement un spa proposant des massages, des soins de beaut\u00e9 et des soins relaxants.<\/p>\n<p>[\/et_pb_text][\/et_pb_column][\/et_pb_row][\/et_pb_section]<\/p>\n","protected":false},"excerpt":{"rendered":"<p>Spas et Bien-\u00eatre en ToscaneLa Toscane est une r\u00e9gion qui se pr\u00eate bien \u00e0 de nombreux types de vacances, gr\u00e2ce \u00e0 un territoire h\u00e9t\u00e9rog\u00e8ne qui parvient \u00e0 satisfaire les besoins de tous, ou presque! Si vous \u00eates en vacances au Village Orizzonte, quelle que soit la saison, offrez-vous une journ\u00e9e de d\u00e9tente aux Spas de [&hellip;]<\/p>\n","protected":false},"author":7,"featured_media":0,"parent":0,"menu_order":40,"comment_status":"closed","ping_status":"closed","template":"","meta":{"_et_pb_use_builder":"on","_et_pb_old_content":"","_et_gb_content_width":"","ngg_post_thumbnail":0,"footnotes":""},"class_list":["post-7679","page","type-page","status-publish","hentry"],"yoast_head":"<!-- This site is optimized with the Yoast SEO plugin v25.8 - https:\/\/yoast.com\/wordpress\/plugins\/seo\/ -->\n<title>Spas et Bien-\u00eatre en Toscane - Villaggio Orizzonte<\/title>\n<meta name=\"description\" content=\"Si vous recherchez des spas et du bien-\u00eatre en Toscane, sur la c\u00f4te \u00e9trusque, vous trouverez des \u00e9tablissements accueillantes et riches.\" \/>\n<meta name=\"robots\" content=\"index, follow, max-snippet:-1, max-image-preview:large, max-video-preview:-1\" \/>\n<link rel=\"canonical\" href=\"https:\/\/www.villaggioorizzonte.it\/fr\/spas-et-bien-etre-en-toscane.html\" \/>\n<meta property=\"og:locale\" content=\"fr_FR\" \/>\n<meta property=\"og:type\" content=\"article\" \/>\n<meta property=\"og:title\" content=\"Spas et Bien-\u00eatre en Toscane - Villaggio Orizzonte\" \/>\n<meta property=\"og:description\" content=\"Si vous recherchez des spas et du bien-\u00eatre en Toscane, sur la c\u00f4te \u00e9trusque, vous trouverez des \u00e9tablissements accueillantes et riches.\" \/>\n<meta property=\"og:url\" content=\"https:\/\/www.villaggioorizzonte.it\/fr\/spas-et-bien-etre-en-toscane.html\" \/>\n<meta property=\"og:site_name\" content=\"Villaggio Orizzonte\" \/>\n<meta property=\"article:modified_time\" content=\"2024-07-19T17:39:10+00:00\" \/>\n<meta name=\"twitter:card\" content=\"summary_large_image\" \/>\n<script type=\"application\/ld+json\" class=\"yoast-schema-graph\">{\"@context\":\"https:\/\/schema.org\",\"@graph\":[{\"@type\":\"WebPage\",\"@id\":\"https:\/\/www.villaggioorizzonte.it\/fr\/spas-et-bien-etre-en-toscane.html\",\"url\":\"https:\/\/www.villaggioorizzonte.it\/fr\/spas-et-bien-etre-en-toscane.html\",\"name\":\"Spas et Bien-\u00eatre en Toscane - Villaggio Orizzonte\",\"isPartOf\":{\"@id\":\"https:\/\/www.villaggioorizzonte.it\/fr\/#website\"},\"datePublished\":\"2019-09-02T09:58:45+00:00\",\"dateModified\":\"2024-07-19T17:39:10+00:00\",\"description\":\"Si vous recherchez des spas et du bien-\u00eatre en Toscane, sur la c\u00f4te \u00e9trusque, vous trouverez des \u00e9tablissements accueillantes et riches.\",\"breadcrumb\":{\"@id\":\"https:\/\/www.villaggioorizzonte.it\/fr\/spas-et-bien-etre-en-toscane.html#breadcrumb\"},\"inLanguage\":\"fr-FR\",\"potentialAction\":[{\"@type\":\"ReadAction\",\"target\":[\"https:\/\/www.villaggioorizzonte.it\/fr\/spas-et-bien-etre-en-toscane.html\"]}]},{\"@type\":\"BreadcrumbList\",\"@id\":\"https:\/\/www.villaggioorizzonte.it\/fr\/spas-et-bien-etre-en-toscane.html#breadcrumb\",\"itemListElement\":[{\"@type\":\"ListItem\",\"position\":1,\"name\":\"Home\",\"item\":\"https:\/\/www.villaggioorizzonte.it\/fr\/\"},{\"@type\":\"ListItem\",\"position\":2,\"name\":\"Spas et Bien-\u00eatre\"}]},{\"@type\":\"WebSite\",\"@id\":\"https:\/\/www.villaggioorizzonte.it\/fr\/#website\",\"url\":\"https:\/\/www.villaggioorizzonte.it\/fr\/\",\"name\":\"Villaggio Orizzonte\",\"description\":\"Villaggio Turistico\",\"potentialAction\":[{\"@type\":\"SearchAction\",\"target\":{\"@type\":\"EntryPoint\",\"urlTemplate\":\"https:\/\/www.villaggioorizzonte.it\/fr\/?s={search_term_string}\"},\"query-input\":{\"@type\":\"PropertyValueSpecification\",\"valueRequired\":true,\"valueName\":\"search_term_string\"}}],\"inLanguage\":\"fr-FR\"}]}<\/script>\n<!-- \/ Yoast SEO plugin. -->","yoast_head_json":{"title":"Spas et Bien-\u00eatre en Toscane - Villaggio Orizzonte","description":"Si vous recherchez des spas et du bien-\u00eatre en Toscane, sur la c\u00f4te \u00e9trusque, vous trouverez des \u00e9tablissements accueillantes et riches.","robots":{"index":"index","follow":"follow","max-snippet":"max-snippet:-1","max-image-preview":"max-image-preview:large","max-video-preview":"max-video-preview:-1"},"canonical":"https:\/\/www.villaggioorizzonte.it\/fr\/spas-et-bien-etre-en-toscane.html","og_locale":"fr_FR","og_type":"article","og_title":"Spas et Bien-\u00eatre en Toscane - Villaggio Orizzonte","og_description":"Si vous recherchez des spas et du bien-\u00eatre en Toscane, sur la c\u00f4te \u00e9trusque, vous trouverez des \u00e9tablissements accueillantes et riches.","og_url":"https:\/\/www.villaggioorizzonte.it\/fr\/spas-et-bien-etre-en-toscane.html","og_site_name":"Villaggio Orizzonte","article_modified_time":"2024-07-19T17:39:10+00:00","twitter_card":"summary_large_image","schema":{"@context":"https:\/\/schema.org","@graph":[{"@type":"WebPage","@id":"https:\/\/www.villaggioorizzonte.it\/fr\/spas-et-bien-etre-en-toscane.html","url":"https:\/\/www.villaggioorizzonte.it\/fr\/spas-et-bien-etre-en-toscane.html","name":"Spas et Bien-\u00eatre en Toscane - Villaggio Orizzonte","isPartOf":{"@id":"https:\/\/www.villaggioorizzonte.it\/fr\/#website"},"datePublished":"2019-09-02T09:58:45+00:00","dateModified":"2024-07-19T17:39:10+00:00","description":"Si vous recherchez des spas et du bien-\u00eatre en Toscane, sur la c\u00f4te \u00e9trusque, vous trouverez des \u00e9tablissements accueillantes et riches.","breadcrumb":{"@id":"https:\/\/www.villaggioorizzonte.it\/fr\/spas-et-bien-etre-en-toscane.html#breadcrumb"},"inLanguage":"fr-FR","potentialAction":[{"@type":"ReadAction","target":["https:\/\/www.villaggioorizzonte.it\/fr\/spas-et-bien-etre-en-toscane.html"]}]},{"@type":"BreadcrumbList","@id":"https:\/\/www.villaggioorizzonte.it\/fr\/spas-et-bien-etre-en-toscane.html#breadcrumb","itemListElement":[{"@type":"ListItem","position":1,"name":"Home","item":"https:\/\/www.villaggioorizzonte.it\/fr\/"},{"@type":"ListItem","position":2,"name":"Spas et Bien-\u00eatre"}]},{"@type":"WebSite","@id":"https:\/\/www.villaggioorizzonte.it\/fr\/#website","url":"https:\/\/www.villaggioorizzonte.it\/fr\/","name":"Villaggio Orizzonte","description":"Villaggio Turistico","potentialAction":[{"@type":"SearchAction","target":{"@type":"EntryPoint","urlTemplate":"https:\/\/www.villaggioorizzonte.it\/fr\/?s={search_term_string}"},"query-input":{"@type":"PropertyValueSpecification","valueRequired":true,"valueName":"search_term_string"}}],"inLanguage":"fr-FR"}]}},"_links":{"self":[{"href":"https:\/\/www.villaggioorizzonte.it\/fr\/wp-json\/wp\/v2\/pages\/7679","targetHints":{"allow":["GET"]}}],"collection":[{"href":"https:\/\/www.villaggioorizzonte.it\/fr\/wp-json\/wp\/v2\/pages"}],"about":[{"href":"https:\/\/www.villaggioorizzonte.it\/fr\/wp-json\/wp\/v2\/types\/page"}],"author":[{"embeddable":true,"href":"https:\/\/www.villaggioorizzonte.it\/fr\/wp-json\/wp\/v2\/users\/7"}],"replies":[{"embeddable":true,"href":"https:\/\/www.villaggioorizzonte.it\/fr\/wp-json\/wp\/v2\/comments?post=7679"}],"version-history":[{"count":2,"href":"https:\/\/www.villaggioorizzonte.it\/fr\/wp-json\/wp\/v2\/pages\/7679\/revisions"}],"predecessor-version":[{"id":289714,"href":"https:\/\/www.villaggioorizzonte.it\/fr\/wp-json\/wp\/v2\/pages\/7679\/revisions\/289714"}],"wp:attachment":[{"href":"https:\/\/www.villaggioorizzonte.it\/fr\/wp-json\/wp\/v2\/media?parent=7679"}],"curies":[{"name":"wp","href":"https:\/\/api.w.org\/{rel}","templated":true}]}}