{"id":7347,"date":"2019-09-02T11:58:45","date_gmt":"2019-09-02T09:58:45","guid":{"rendered":"https:\/\/b6.aerostatonet.it\/trekking.html"},"modified":"2022-04-29T14:45:59","modified_gmt":"2022-04-29T12:45:59","slug":"trekking","status":"publish","type":"page","link":"https:\/\/www.villaggioorizzonte.it\/fr\/sport-et-vacances-actives-en-toscane\/trekking.html","title":{"rendered":"Trekking"},"content":{"rendered":"<p>[et_pb_section fb_built=\u00a0\u00bb1&Prime; admin_label=\u00a0\u00bbTestata\u00a0\u00bb _builder_version=\u00a0\u00bb4.16&Prime; _module_preset=\u00a0\u00bbdefault\u00a0\u00bb custom_margin=\u00a0\u00bb0px|0px|0px||false|false\u00a0\u00bb custom_padding=\u00a0\u00bb0px|0px|0px|0px|false|false\u00a0\u00bb da_disable_devices=\u00a0\u00bboff|off|off\u00a0\u00bb saved_tabs=\u00a0\u00bball\u00a0\u00bb locked=\u00a0\u00bboff\u00a0\u00bb collapsed=\u00a0\u00bbon\u00a0\u00bb global_colors_info=\u00a0\u00bb{}\u00a0\u00bb da_is_popup=\u00a0\u00bboff\u00a0\u00bb da_exit_intent=\u00a0\u00bboff\u00a0\u00bb da_has_close=\u00a0\u00bbon\u00a0\u00bb da_alt_close=\u00a0\u00bboff\u00a0\u00bb da_dark_close=\u00a0\u00bboff\u00a0\u00bb da_not_modal=\u00a0\u00bbon\u00a0\u00bb da_is_singular=\u00a0\u00bboff\u00a0\u00bb da_with_loader=\u00a0\u00bboff\u00a0\u00bb da_has_shadow=\u00a0\u00bbon\u00a0\u00bb][et_pb_row use_custom_gutter=\u00a0\u00bbon\u00a0\u00bb gutter_width=\u00a0\u00bb1&Prime; admin_label=\u00a0\u00bbSfondo immagine\u00a0\u00bb module_class=\u00a0\u00bbtestata\u00a0\u00bb _builder_version=\u00a0\u00bb4.16&Prime; _module_preset=\u00a0\u00bbdefault\u00a0\u00bb background_color=\u00a0\u00bbRGBA(255,255,255,0)\u00a0\u00bb background_enable_image=\u00a0\u00bboff\u00a0\u00bb width=\u00a0\u00bb100%\u00a0\u00bb max_width=\u00a0\u00bb100%\u00a0\u00bb module_alignment=\u00a0\u00bbcenter\u00a0\u00bb height=\u00a0\u00bb88vh\u00a0\u00bb overflow-x=\u00a0\u00bbhidden\u00a0\u00bb overflow-y=\u00a0\u00bbhidden\u00a0\u00bb locked=\u00a0\u00bboff\u00a0\u00bb collapsed=\u00a0\u00bbon\u00a0\u00bb global_colors_info=\u00a0\u00bb{}\u00a0\u00bb custom_css_main_element_last_edited=\u00a0\u00bbon|phone\u00a0\u00bb custom_css_main_element_phone=\u00a0\u00bbmax-height: 550px!important;\u00a0\u00bb][et_pb_column type=\u00a0\u00bb4_4&Prime; _builder_version=\u00a0\u00bb4.16&Prime; _module_preset=\u00a0\u00bbdefault\u00a0\u00bb global_colors_info=\u00a0\u00bb{}\u00a0\u00bb][et_pb_image src=\u00a0\u00bbhttps:\/\/www.villaggioorizzonte.it\/wp-content\/uploads\/2019\/11\/vacanza-trekking-toscana.jpg\u00a0\u00bb alt=\u00a0\u00bbvacanza trekking toscana\u00a0\u00bb title_text=\u00a0\u00bbtrekking-mobile\u00a0\u00bb force_fullwidth=\u00a0\u00bbon\u00a0\u00bb src_tablet=\u00a0\u00bbhttps:\/\/www.villaggioorizzonte.it\/wp-content\/uploads\/2019\/11\/vacanza-trekking-toscana.jpg\u00a0\u00bb src_phone=\u00a0\u00bbhttps:\/\/www.villaggioorizzonte.it\/wp-content\/uploads\/2022\/03\/trekking-mobile.jpg\u00a0\u00bb src_last_edited=\u00a0\u00bbon|phone\u00a0\u00bb _builder_version=\u00a0\u00bb4.16&Prime; _module_preset=\u00a0\u00bbdefault\u00a0\u00bb saved_tabs=\u00a0\u00bball\u00a0\u00bb global_colors_info=\u00a0\u00bb{}\u00a0\u00bb][\/et_pb_image][\/et_pb_column][\/et_pb_row][et_pb_row column_structure=\u00a0\u00bb2_5,3_5&Prime; use_custom_gutter=\u00a0\u00bbon\u00a0\u00bb gutter_width=\u00a0\u00bb1&Prime; make_equal=\u00a0\u00bbon\u00a0\u00bb admin_label=\u00a0\u00bbTitolo\u00a0\u00bb _builder_version=\u00a0\u00bb4.16&Prime; _module_preset=\u00a0\u00bbdefault\u00a0\u00bb background_color=\u00a0\u00bbRGBA(255,255,255,0)\u00a0\u00bb width=\u00a0\u00bb100%\u00a0\u00bb max_width=\u00a0\u00bb100%\u00a0\u00bb module_alignment=\u00a0\u00bbleft\u00a0\u00bb custom_margin=\u00a0\u00bb-163px||||false|false\u00a0\u00bb custom_margin_tablet=\u00a0\u00bb-163px||||false|false\u00a0\u00bb custom_margin_phone=\u00a0\u00bb-124px||||false|false\u00a0\u00bb custom_margin_last_edited=\u00a0\u00bbon|phone\u00a0\u00bb custom_padding=\u00a0\u00bb||||true|false\u00a0\u00bb collapsed=\u00a0\u00bbon\u00a0\u00bb global_colors_info=\u00a0\u00bb{}\u00a0\u00bb][et_pb_column type=\u00a0\u00bb2_5&Prime; disabled_on=\u00a0\u00bboff|off|off\u00a0\u00bb _builder_version=\u00a0\u00bb4.16&Prime; _module_preset=\u00a0\u00bbdefault\u00a0\u00bb global_colors_info=\u00a0\u00bb{}\u00a0\u00bb custom_css_main_element_last_edited=\u00a0\u00bbon|phone\u00a0\u00bb custom_css_main_element_phone=\u00a0\u00bbwidth:30px!important;||display:block!important;\u00a0\u00bb][\/et_pb_column][et_pb_column type=\u00a0\u00bb3_5&Prime; _builder_version=\u00a0\u00bb4.16&Prime; _module_preset=\u00a0\u00bbdefault\u00a0\u00bb background_color=\u00a0\u00bb#FFFFFF\u00a0\u00bb custom_padding=\u00a0\u00bb25px||25px|30px|true|false\u00a0\u00bb custom_padding_tablet=\u00a0\u00bb25px||25px|30px|true|false\u00a0\u00bb custom_padding_phone=\u00a0\u00bb||5px|20px|false|false\u00a0\u00bb custom_padding_last_edited=\u00a0\u00bbon|phone\u00a0\u00bb global_colors_info=\u00a0\u00bb{}\u00a0\u00bb custom_css_main_element_last_edited=\u00a0\u00bbon|phone\u00a0\u00bb custom_css_main_element_phone=\u00a0\u00bbwidth: calc(100% &#8211; 30px)!important;\u00a0\u00bb][et_pb_text admin_label=\u00a0\u00bbTesto\u00a0\u00bb _builder_version=\u00a0\u00bb4.16&Prime; _module_preset=\u00a0\u00bbdefault\u00a0\u00bb background_color=\u00a0\u00bbRGBA(255,255,255,0)\u00a0\u00bb saved_tabs=\u00a0\u00bball\u00a0\u00bb global_colors_info=\u00a0\u00bb{}\u00a0\u00bb]<\/p>\n<h2 class=\"h1app\">Vacances Trekking en Toscane<\/h2>\n<p>[\/et_pb_text][\/et_pb_column][\/et_pb_row][\/et_pb_section][et_pb_section fb_built=\u00a0\u00bb1&Prime; admin_label=\u00a0\u00bbIntro\u00a0\u00bb _builder_version=\u00a0\u00bb4.16&Prime; _module_preset=\u00a0\u00bbdefault\u00a0\u00bb da_disable_devices=\u00a0\u00bboff|off|off\u00a0\u00bb collapsed=\u00a0\u00bboff\u00a0\u00bb global_colors_info=\u00a0\u00bb{}\u00a0\u00bb da_is_popup=\u00a0\u00bboff\u00a0\u00bb da_exit_intent=\u00a0\u00bboff\u00a0\u00bb da_has_close=\u00a0\u00bbon\u00a0\u00bb da_alt_close=\u00a0\u00bboff\u00a0\u00bb da_dark_close=\u00a0\u00bboff\u00a0\u00bb da_not_modal=\u00a0\u00bbon\u00a0\u00bb da_is_singular=\u00a0\u00bboff\u00a0\u00bb da_with_loader=\u00a0\u00bboff\u00a0\u00bb da_has_shadow=\u00a0\u00bbon\u00a0\u00bb][et_pb_row _builder_version=\u00a0\u00bb4.16&Prime; _module_preset=\u00a0\u00bbdefault\u00a0\u00bb collapsed=\u00a0\u00bboff\u00a0\u00bb global_colors_info=\u00a0\u00bb{}\u00a0\u00bb][et_pb_column type=\u00a0\u00bb4_4&Prime; _builder_version=\u00a0\u00bb4.16&Prime; _module_preset=\u00a0\u00bbdefault\u00a0\u00bb background_enable_color=\u00a0\u00bboff\u00a0\u00bb custom_padding=\u00a0\u00bb||||true|false\u00a0\u00bb global_colors_info=\u00a0\u00bb{}\u00a0\u00bb][et_pb_text _builder_version=\u00a0\u00bb4.16&Prime; _module_preset=\u00a0\u00bbdefault\u00a0\u00bb hover_enabled=\u00a0\u00bb0&Prime; global_colors_info=\u00a0\u00bb{}\u00a0\u00bb sticky_enabled=\u00a0\u00bb0&Prime;]<\/p>\n<p>Ceux qui aiment le <strong>trekking<\/strong> et veulent se sentir en parfaite harmonie dans un cadre naturel preserv\u00e9 entre terre et mer, trouveront sans aucun doute en <strong>Toscane<\/strong> une r\u00e9gion capable de satisfaire pleinement leurs besoins. Les sentiers de randonn\u00e9e peuvent \u00eatre parcourus ind\u00e9pendamment de la pr\u00e9paration de ceux qui visitent cette terre unique, des familles avec enfants aux sportifs exp\u00e9riment\u00e9s n\u2019ayant pas peur des itin\u00e9raires les plus difficiles. Des <strong>excursions<\/strong> r\u00e9g\u00e9n\u00e9ratrices attendent les visiteurs lors d\u2019un s\u00e9jour de trekking en Toscane, r\u00e9gion microcosme riche de bois, de for\u00eats, de ch\u00eanes et de ch\u00e2taigniers.<\/p>\n<p>Il existe plusieurs endroits qui constituent un point de d\u00e9part id\u00e9al pour visiter les parcs de la <strong>Haute Maremme<\/strong>, en solitaire ou avec un guide. Les itin\u00e9raires emm\u00e8neront les touristes dans une nature pr\u00e9serv\u00e9e, peupl\u00e9e d\u2019 animaux typiques et des t\u00e9moignages historiques de la <strong>c\u00f4te \u00e9trusque<\/strong>, en suivant les chemins qui ont marqu\u00e9 la vie de b\u00fbcherons, de meuniers, de charbonniers et de bergers.<\/p>\n<p>[\/et_pb_text][et_pb_button button_url=\u00a0\u00bb@ET-DC@eyJkeW5hbWljIjp0cnVlLCJjb250ZW50IjoicG9zdF9saW5rX3VybF9wYWdlIiwic2V0dGluZ3MiOnsicG9zdF9pZCI6IjE1NDEyIn19@\u00a0\u00bb button_text=\u00a0\u00bbvoir les excursions organis\u00e9es\u00a0\u00bb button_alignment=\u00a0\u00bbleft\u00a0\u00bb disabled_on=\u00a0\u00bboff|off|off\u00a0\u00bb _builder_version=\u00a0\u00bb4.17.1&Prime; _dynamic_attributes=\u00a0\u00bbbutton_text,button_url\u00a0\u00bb _module_preset=\u00a0\u00bbdefault\u00a0\u00bb custom_button=\u00a0\u00bbon\u00a0\u00bb button_text_size=\u00a0\u00bb18px\u00a0\u00bb button_bg_color=\u00a0\u00bbgcid-032e1154-db92-462a-bcbd-307908a6d42e\u00a0\u00bb button_border_width=\u00a0\u00bb0px\u00a0\u00bb button_border_radius=\u00a0\u00bb0px\u00a0\u00bb button_font=\u00a0\u00bbKrona One|||on|||||\u00a0\u00bb background_layout=\u00a0\u00bbdark\u00a0\u00bb custom_margin=\u00a0\u00bb30px||||false|false\u00a0\u00bb hover_enabled=\u00a0\u00bb0&Prime; saved_tabs=\u00a0\u00bball\u00a0\u00bb locked=\u00a0\u00bboff\u00a0\u00bb global_colors_info=\u00a0\u00bb{%22gcid-20e71542-4610-4487-a2e7-0ccb3ffb249a%22:%91%22button_text_color%22%93}\u00a0\u00bb sticky_enabled=\u00a0\u00bb0&Prime;][\/et_pb_button][\/et_pb_column][\/et_pb_row][\/et_pb_section][et_pb_section fb_built=\u00a0\u00bb1&Prime; admin_label=\u00a0\u00bbContenuto\u00a0\u00bb _builder_version=\u00a0\u00bb4.16&Prime; _module_preset=\u00a0\u00bbdefault\u00a0\u00bb da_disable_devices=\u00a0\u00bboff|off|off\u00a0\u00bb collapsed=\u00a0\u00bboff\u00a0\u00bb global_colors_info=\u00a0\u00bb{}\u00a0\u00bb da_is_popup=\u00a0\u00bboff\u00a0\u00bb da_exit_intent=\u00a0\u00bboff\u00a0\u00bb da_has_close=\u00a0\u00bbon\u00a0\u00bb da_alt_close=\u00a0\u00bboff\u00a0\u00bb da_dark_close=\u00a0\u00bboff\u00a0\u00bb da_not_modal=\u00a0\u00bbon\u00a0\u00bb da_is_singular=\u00a0\u00bboff\u00a0\u00bb da_with_loader=\u00a0\u00bboff\u00a0\u00bb da_has_shadow=\u00a0\u00bbon\u00a0\u00bb][et_pb_row _builder_version=\u00a0\u00bb4.16&Prime; _module_preset=\u00a0\u00bbdefault\u00a0\u00bb collapsed=\u00a0\u00bboff\u00a0\u00bb global_colors_info=\u00a0\u00bb{}\u00a0\u00bb][et_pb_column type=\u00a0\u00bb4_4&Prime; _builder_version=\u00a0\u00bb4.16&Prime; _module_preset=\u00a0\u00bbdefault\u00a0\u00bb global_colors_info=\u00a0\u00bb{}\u00a0\u00bb][et_pb_image src=\u00a0\u00bbhttps:\/\/www.villaggioorizzonte.it\/wp-content\/uploads\/2019\/11\/trekking-toscana.jpg\u00a0\u00bb alt=\u00a0\u00bbtrekking toscana\u00a0\u00bb title_text=\u00a0\u00bbtrekking toscana\u00a0\u00bb force_fullwidth=\u00a0\u00bbon\u00a0\u00bb _builder_version=\u00a0\u00bb4.16&Prime; _module_preset=\u00a0\u00bbdefault\u00a0\u00bb global_colors_info=\u00a0\u00bb{}\u00a0\u00bb][\/et_pb_image][\/et_pb_column][\/et_pb_row][et_pb_row column_structure=\u00a0\u00bb1_2,1_2&Prime; _builder_version=\u00a0\u00bb4.16&Prime; _module_preset=\u00a0\u00bbdefault\u00a0\u00bb collapsed=\u00a0\u00bboff\u00a0\u00bb global_colors_info=\u00a0\u00bb{}\u00a0\u00bb][et_pb_column type=\u00a0\u00bb1_2&Prime; _builder_version=\u00a0\u00bb4.16&Prime; _module_preset=\u00a0\u00bbdefault\u00a0\u00bb global_colors_info=\u00a0\u00bb{}\u00a0\u00bb][et_pb_text _builder_version=\u00a0\u00bb4.16&Prime; _module_preset=\u00a0\u00bbdefault\u00a0\u00bb global_colors_info=\u00a0\u00bb{}\u00a0\u00bb]<\/p>\n<p>\u00c0 l\u2019int\u00e9rieur du <strong>Parc de la Sterpaia<\/strong>, un itin\u00e9raire artistique et po\u00e9tique cr\u00e9e un voyage v\u00e9ritablement stimulant, o\u00f9 vous vous retrouverez plong\u00e9s parmi les plantes, les arbres et les fleurs typiques du maquis m\u00e9diterran\u00e9en. L\u2019itin\u00e9raire propose une s\u00e9rie d\u2019installations artistiques invitant \u00e0 la r\u00e9flexion, r\u00e9alis\u00e9es \u00e0 travers des moulages en bronze du sculpteur Marcello Guasti. Chacun d\u2019eux est caract\u00e9ris\u00e9 par un po\u00e8me en vers.<\/p>\n<p>Les sentiers le long de la c\u00f4te \u00e9trusque offriront aux amateurs de <strong>trekking<\/strong> l\u2019occasion d\u2019admirer les nombreux t\u00e9moignages de l\u2019ancienne civilisation \u00e9trusque: pour les touristes qui aiment l\u2019arch\u00e9ologie, nous sugg\u00e9rons de suivre les itin\u00e9raires du<strong> Parc Arch\u00e9ologique de San Silvestro<\/strong>. Situ\u00e9 dans le district de <strong>Val di Cornia<\/strong>, c\u2019est une destination adapt\u00e9e \u00e0 tous les types de randonneurs, avec des itin\u00e9raires de difficult\u00e9 variable, d\u2019une dur\u00e9e de 60 \u00e0 75 minutes. Dans cet endroit, les touristes auront m\u00eame l\u2019occasion de faire des visites guid\u00e9es \u00e0 l\u2019int\u00e9rieur des mines, de d\u00e9couvrir les anciennes activit\u00e9s de traitement des minerais.<\/p>\n<p>[\/et_pb_text][\/et_pb_column][et_pb_column type=\u00a0\u00bb1_2&Prime; _builder_version=\u00a0\u00bb4.16&Prime; _module_preset=\u00a0\u00bbdefault\u00a0\u00bb global_colors_info=\u00a0\u00bb{}\u00a0\u00bb][et_pb_text _builder_version=\u00a0\u00bb4.16&Prime; _module_preset=\u00a0\u00bbdefault\u00a0\u00bb global_colors_info=\u00a0\u00bb{}\u00a0\u00bb]<\/p>\n<p>Dans le<strong> Parc Forestier de Poggio Neri<\/strong>, il est possible d\u2019essayer deux itin\u00e9raires: le Museo del Bosco (Le Mus\u00e9e du Bois) et la Via del Carbone (La Route du Cahrbon). Les sentiers sont en mesure d\u2019offrir aux randonneurs un voyage fascinant \u00e0 travers la vie des charbonniers. Le parc forestier de Poggio Neri pr\u00e9sente un environnement domin\u00e9 par un maquis m\u00e9diterran\u00e9en presque inalt\u00e9r\u00e9, caract\u00e9ris\u00e9 par la pr\u00e9sence de ch\u00e2taigniers et de ch\u00eanes. L\u2019itin\u00e9raire se d\u00e9veloppe sur le territoire de <strong>Sassetta<\/strong>, sur un chemin de terre.<\/p>\n<p>Si vous souhaitez entrer en contact \u00e9troit avec des endroits charmants et enchanteurs, le<strong> Village Orizzonte<\/strong> sur la<strong> C\u00f4te des Etrusques<\/strong> est sans aucun doute le point de d\u00e9part id\u00e9al pour vos <strong>vacances de trekking en Toscane<\/strong>. Une paire de chaussures de randonn\u00e9e et une carte des lieux vous seront sans doute utiles, mais vous aurez besoin d\u2019un ingr\u00e9dient tr\u00e8s important pour aborder les itin\u00e9raires de la Haute Maremme: le d\u00e9sir de d\u00e9couvrir. Parcourir les paysages de la <strong>Maremme<\/strong> avec un esprit r\u00e9ceptif, loin des soucis de la vie quotidienne, vous permettra de profiter au mieux de toute la beaut\u00e9 que l\u2019environnement peut vous offrir \u00e0 chaque saison.<\/p>\n<p>[\/et_pb_text][\/et_pb_column][\/et_pb_row][\/et_pb_section][et_pb_section fb_built=\u00a0\u00bb1&Prime; admin_label=\u00a0\u00bbAltri sport FR\u00a0\u00bb _builder_version=\u00a0\u00bb4.16.0&Prime; _module_preset=\u00a0\u00bbdefault\u00a0\u00bb da_disable_devices=\u00a0\u00bboff|off|off\u00a0\u00bb global_module=\u00a0\u00bb277575&Prime; saved_tabs=\u00a0\u00bball\u00a0\u00bb locked=\u00a0\u00bboff\u00a0\u00bb collapsed=\u00a0\u00bboff\u00a0\u00bb global_colors_info=\u00a0\u00bb{}\u00a0\u00bb da_is_popup=\u00a0\u00bboff\u00a0\u00bb da_exit_intent=\u00a0\u00bboff\u00a0\u00bb da_has_close=\u00a0\u00bbon\u00a0\u00bb da_alt_close=\u00a0\u00bboff\u00a0\u00bb da_dark_close=\u00a0\u00bboff\u00a0\u00bb da_not_modal=\u00a0\u00bbon\u00a0\u00bb da_is_singular=\u00a0\u00bboff\u00a0\u00bb da_with_loader=\u00a0\u00bboff\u00a0\u00bb da_has_shadow=\u00a0\u00bbon\u00a0\u00bb][et_pb_row admin_label=\u00a0\u00bbRiga FR\u00a0\u00bb _builder_version=\u00a0\u00bb4.16.0&Prime; _module_preset=\u00a0\u00bbdefault\u00a0\u00bb collapsed=\u00a0\u00bboff\u00a0\u00bb global_colors_info=\u00a0\u00bb{}\u00a0\u00bb][et_pb_column type=\u00a0\u00bb4_4&Prime; _builder_version=\u00a0\u00bb4.16&Prime; _module_preset=\u00a0\u00bbdefault\u00a0\u00bb global_colors_info=\u00a0\u00bb{}\u00a0\u00bb][dica_divi_carousel item_width_auto=\u00a0\u00bbon\u00a0\u00bb item_width=\u00a0\u00bb300px\u00a0\u00bb multislide=\u00a0\u00bbon\u00a0\u00bb centermode=\u00a0\u00bbon\u00a0\u00bb loop=\u00a0\u00bbon\u00a0\u00bb arrow_nav=\u00a0\u00bbon\u00a0\u00bb item_spacing=\u00a0\u00bb15&Prime; equal_height=\u00a0\u00bbon\u00a0\u00bb lazy_loading=\u00a0\u00bbon\u00a0\u00bb load_before_transition=\u00a0\u00bbon\u00a0\u00bb advanced_effect=\u00a0\u00bb1&Prime; arrow_nav_color=\u00a0\u00bb#FFFFFF\u00a0\u00bb arrow_bg_color=\u00a0\u00bbrgba(255,255,255,0.5)\u00a0\u00bb dots_color=\u00a0\u00bbRGBA(255,255,255,0)\u00a0\u00bb dots_active_color=\u00a0\u00bbRGBA(255,255,255,0)\u00a0\u00bb title_background=\u00a0\u00bbRGBA(255,255,255,0)\u00a0\u00bb subtitle_background=\u00a0\u00bbRGBA(255,255,255,0)\u00a0\u00bb image_force_fullwidth=\u00a0\u00bbon\u00a0\u00bb item_padding=\u00a0\u00bb170px||||false|false\u00a0\u00bb admin_label=\u00a0\u00bbCarosello FR\u00a0\u00bb _builder_version=\u00a0\u00bb4.16.0&Prime; title_font=\u00a0\u00bbJost|||on|||||\u00a0\u00bb title_text_align=\u00a0\u00bbcenter\u00a0\u00bb title_text_color=\u00a0\u00bb#FFFFFF\u00a0\u00bb subtitle_font=\u00a0\u00bbKrona One||||||||\u00a0\u00bb subtitle_text_align=\u00a0\u00bbcenter\u00a0\u00bb subtitle_text_color=\u00a0\u00bb#FFFFFF\u00a0\u00bb subtitle_font_size=\u00a0\u00bb30px\u00a0\u00bb subtitle_letter_spacing=\u00a0\u00bb-2px\u00a0\u00bb body_font=\u00a0\u00bbAnonymous Pro||||||||\u00a0\u00bb body_text_align=\u00a0\u00bbcenter\u00a0\u00bb subtitle_font_size_tablet=\u00a0\u00bb36px\u00a0\u00bb subtitle_font_size_phone=\u00a0\u00bb24px\u00a0\u00bb subtitle_font_size_last_edited=\u00a0\u00bbon|phone\u00a0\u00bb global_colors_info=\u00a0\u00bb{}\u00a0\u00bb][dica_divi_carouselitem sub_title=\u00a0\u00bbNATATION\u00a0\u00bb admin_label=\u00a0\u00bbnuoto\u00a0\u00bb button_url_new_window=\u00a0\u00bb1&Prime; image_position=\u00a0\u00bbimage_under_title\u00a0\u00bb _builder_version=\u00a0\u00bb4.16.0&Prime; _dynamic_attributes=\u00a0\u00bblink_option_url\u00a0\u00bb _module_preset=\u00a0\u00bbdefault\u00a0\u00bb header_text_align=\u00a0\u00bbcenter\u00a0\u00bb subtitle_text_align=\u00a0\u00bbcenter\u00a0\u00bb background_image=\u00a0\u00bbhttps:\/\/www.villaggioorizzonte.it\/wp-content\/uploads\/2019\/12\/allenamento-nuoto-in-vacanza.jpg\u00a0\u00bb background_enable_image=\u00a0\u00bbon\u00a0\u00bb link_option_url=\u00a0\u00bb@ET-DC@eyJkeW5hbWljIjp0cnVlLCJjb250ZW50IjoicG9zdF9saW5rX3VybF9wYWdlIiwic2V0dGluZ3MiOnsicG9zdF9pZCI6Ijg1ODMifX0=@\u00a0\u00bb custom_css_main_element=\u00a0\u00bbheight:450px!important;\u00a0\u00bb global_colors_info=\u00a0\u00bb{}\u00a0\u00bb][\/dica_divi_carouselitem][dica_divi_carouselitem sub_title=\u00a0\u00bbMOUNTAIN BIKE\u00a0\u00bb admin_label=\u00a0\u00bbmtb\u00a0\u00bb button_url_new_window=\u00a0\u00bb1&Prime; image_position=\u00a0\u00bbimage_under_title\u00a0\u00bb _builder_version=\u00a0\u00bb4.16.0&Prime; _dynamic_attributes=\u00a0\u00bblink_option_url\u00a0\u00bb _module_preset=\u00a0\u00bbdefault\u00a0\u00bb header_text_align=\u00a0\u00bbcenter\u00a0\u00bb subtitle_text_align=\u00a0\u00bbcenter\u00a0\u00bb background_image=\u00a0\u00bbhttps:\/\/www.villaggioorizzonte.it\/wp-content\/uploads\/2019\/11\/vacanza-mountain-bike-toscana.jpg\u00a0\u00bb background_enable_image=\u00a0\u00bbon\u00a0\u00bb link_option_url=\u00a0\u00bb@ET-DC@eyJkeW5hbWljIjp0cnVlLCJjb250ZW50IjoicG9zdF9saW5rX3VybF9wYWdlIiwic2V0dGluZ3MiOnsicG9zdF9pZCI6IjczMzcifX0=@\u00a0\u00bb custom_css_main_element=\u00a0\u00bbheight:450px!important;\u00a0\u00bb global_colors_info=\u00a0\u00bb{}\u00a0\u00bb][\/dica_divi_carouselitem][dica_divi_carouselitem sub_title=\u00a0\u00bbCYCLOTOURISME\u00a0\u00bb admin_label=\u00a0\u00bbcicloturismo\u00a0\u00bb button_url_new_window=\u00a0\u00bb1&Prime; image_position=\u00a0\u00bbimage_under_title\u00a0\u00bb _builder_version=\u00a0\u00bb4.16.0&Prime; _dynamic_attributes=\u00a0\u00bblink_option_url\u00a0\u00bb _module_preset=\u00a0\u00bbdefault\u00a0\u00bb header_text_align=\u00a0\u00bbcenter\u00a0\u00bb subtitle_text_align=\u00a0\u00bbcenter\u00a0\u00bb background_image=\u00a0\u00bbhttps:\/\/www.villaggioorizzonte.it\/wp-content\/uploads\/2019\/11\/cicloturismo-toscana.jpg\u00a0\u00bb background_enable_image=\u00a0\u00bbon\u00a0\u00bb link_option_url=\u00a0\u00bb@ET-DC@eyJkeW5hbWljIjp0cnVlLCJjb250ZW50IjoicG9zdF9saW5rX3VybF9wYWdlIiwic2V0dGluZ3MiOnsicG9zdF9pZCI6Ijc3MjUifX0=@\u00a0\u00bb custom_css_main_element=\u00a0\u00bbheight:450px!important;\u00a0\u00bb global_colors_info=\u00a0\u00bb{}\u00a0\u00bb][\/dica_divi_carouselitem][dica_divi_carouselitem sub_title=\u00a0\u00bbRUNNING\u00a0\u00bb admin_label=\u00a0\u00bbrun\u00a0\u00bb button_url_new_window=\u00a0\u00bb1&Prime; image_position=\u00a0\u00bbimage_under_title\u00a0\u00bb _builder_version=\u00a0\u00bb4.16.0&Prime; _dynamic_attributes=\u00a0\u00bblink_option_url\u00a0\u00bb _module_preset=\u00a0\u00bbdefault\u00a0\u00bb header_text_align=\u00a0\u00bbcenter\u00a0\u00bb subtitle_text_align=\u00a0\u00bbcenter\u00a0\u00bb background_image=\u00a0\u00bbhttps:\/\/www.villaggioorizzonte.it\/wp-content\/uploads\/2019\/11\/running-toscana.jpg\u00a0\u00bb background_enable_image=\u00a0\u00bbon\u00a0\u00bb link_option_url=\u00a0\u00bb@ET-DC@eyJkeW5hbWljIjp0cnVlLCJjb250ZW50IjoicG9zdF9saW5rX3VybF9wYWdlIiwic2V0dGluZ3MiOnsicG9zdF9pZCI6IjczNDQifX0=@\u00a0\u00bb custom_css_main_element=\u00a0\u00bbheight:450px!important;\u00a0\u00bb global_colors_info=\u00a0\u00bb{}\u00a0\u00bb][\/dica_divi_carouselitem][dica_divi_carouselitem sub_title=\u00a0\u00bbTREKKING\u00a0\u00bb admin_label=\u00a0\u00bbtrekking\u00a0\u00bb button_url_new_window=\u00a0\u00bb1&Prime; image_position=\u00a0\u00bbimage_under_title\u00a0\u00bb _builder_version=\u00a0\u00bb4.16.0&Prime; _dynamic_attributes=\u00a0\u00bblink_option_url\u00a0\u00bb _module_preset=\u00a0\u00bbdefault\u00a0\u00bb header_text_align=\u00a0\u00bbcenter\u00a0\u00bb subtitle_text_align=\u00a0\u00bbcenter\u00a0\u00bb background_image=\u00a0\u00bbhttps:\/\/www.villaggioorizzonte.it\/wp-content\/uploads\/2022\/02\/vacanza-trekking-toscana-1-scaled.jpg\u00a0\u00bb background_enable_image=\u00a0\u00bbon\u00a0\u00bb link_option_url=\u00a0\u00bb@ET-DC@eyJkeW5hbWljIjp0cnVlLCJjb250ZW50IjoicG9zdF9saW5rX3VybF9wYWdlIiwic2V0dGluZ3MiOnsicG9zdF9pZCI6IjczNDcifX0=@\u00a0\u00bb custom_css_main_element=\u00a0\u00bbheight:450px!important;\u00a0\u00bb global_colors_info=\u00a0\u00bb{}\u00a0\u00bb][\/dica_divi_carouselitem][dica_divi_carouselitem sub_title=\u00a0\u00bbYOGA\u00a0\u00bb admin_label=\u00a0\u00bbyoga\u00a0\u00bb button_url_new_window=\u00a0\u00bb1&Prime; image_position=\u00a0\u00bbimage_under_title\u00a0\u00bb _builder_version=\u00a0\u00bb4.16.0&Prime; _dynamic_attributes=\u00a0\u00bblink_option_url\u00a0\u00bb _module_preset=\u00a0\u00bbdefault\u00a0\u00bb header_text_align=\u00a0\u00bbcenter\u00a0\u00bb subtitle_text_align=\u00a0\u00bbcenter\u00a0\u00bb background_image=\u00a0\u00bbhttps:\/\/www.villaggioorizzonte.it\/wp-content\/uploads\/2022\/02\/vacanza-yoga-toscana-1-scaled.jpg\u00a0\u00bb background_enable_image=\u00a0\u00bbon\u00a0\u00bb link_option_url=\u00a0\u00bb@ET-DC@eyJkeW5hbWljIjp0cnVlLCJjb250ZW50IjoicG9zdF9saW5rX3VybF9wYWdlIiwic2V0dGluZ3MiOnsicG9zdF9pZCI6Ijc1MzAifX0=@\u00a0\u00bb custom_css_main_element=\u00a0\u00bbheight:450px!important;\u00a0\u00bb global_colors_info=\u00a0\u00bb{}\u00a0\u00bb][\/dica_divi_carouselitem][dica_divi_carouselitem sub_title=\u00a0\u00bbDIVING\u00a0\u00bb admin_label=\u00a0\u00bbdiving\u00a0\u00bb button_url_new_window=\u00a0\u00bb1&Prime; image_position=\u00a0\u00bbimage_under_title\u00a0\u00bb _builder_version=\u00a0\u00bb4.16.0&Prime; _dynamic_attributes=\u00a0\u00bblink_option_url\u00a0\u00bb _module_preset=\u00a0\u00bbdefault\u00a0\u00bb header_text_align=\u00a0\u00bbcenter\u00a0\u00bb subtitle_text_align=\u00a0\u00bbcenter\u00a0\u00bb background_image=\u00a0\u00bbhttps:\/\/www.villaggioorizzonte.it\/wp-content\/uploads\/2019\/12\/diving-in-toscana-1.jpg\u00a0\u00bb background_enable_image=\u00a0\u00bbon\u00a0\u00bb link_option_url=\u00a0\u00bb@ET-DC@eyJkeW5hbWljIjp0cnVlLCJjb250ZW50IjoicG9zdF9saW5rX3VybF9wYWdlIiwic2V0dGluZ3MiOnsicG9zdF9pZCI6Ijg1NzYifX0=@\u00a0\u00bb custom_css_main_element=\u00a0\u00bbheight:450px!important;\u00a0\u00bb global_colors_info=\u00a0\u00bb{}\u00a0\u00bb][\/dica_divi_carouselitem][dica_divi_carouselitem sub_title=\u00a0\u00bbTRIATHLON\u00a0\u00bb admin_label=\u00a0\u00bbtriatlon\u00a0\u00bb button_url_new_window=\u00a0\u00bb1&Prime; image_position=\u00a0\u00bbimage_under_title\u00a0\u00bb _builder_version=\u00a0\u00bb4.16.0&Prime; _dynamic_attributes=\u00a0\u00bblink_option_url\u00a0\u00bb _module_preset=\u00a0\u00bbdefault\u00a0\u00bb header_text_align=\u00a0\u00bbcenter\u00a0\u00bb subtitle_text_align=\u00a0\u00bbcenter\u00a0\u00bb background_image=\u00a0\u00bbhttps:\/\/www.villaggioorizzonte.it\/wp-content\/uploads\/2019\/12\/triathlon-toscana.jpg\u00a0\u00bb background_enable_image=\u00a0\u00bbon\u00a0\u00bb link_option_url=\u00a0\u00bb@ET-DC@eyJkeW5hbWljIjp0cnVlLCJjb250ZW50IjoicG9zdF9saW5rX3VybF9wYWdlIiwic2V0dGluZ3MiOnsicG9zdF9pZCI6IjgyNjYifX0=@\u00a0\u00bb custom_css_main_element=\u00a0\u00bbheight:450px!important;\u00a0\u00bb global_colors_info=\u00a0\u00bb{}\u00a0\u00bb][\/dica_divi_carouselitem][dica_divi_carouselitem sub_title=\u00a0\u00bbWINDSURF\u00a0\u00bb admin_label=\u00a0\u00bbsurf\u00a0\u00bb button_url_new_window=\u00a0\u00bb1&Prime; image_position=\u00a0\u00bbimage_under_title\u00a0\u00bb _builder_version=\u00a0\u00bb4.16.0&Prime; _dynamic_attributes=\u00a0\u00bblink_option_url\u00a0\u00bb _module_preset=\u00a0\u00bbdefault\u00a0\u00bb header_text_align=\u00a0\u00bbcenter\u00a0\u00bb subtitle_text_align=\u00a0\u00bbcenter\u00a0\u00bb background_image=\u00a0\u00bbhttps:\/\/www.villaggioorizzonte.it\/wp-content\/uploads\/2019\/11\/vacanza-windsurf-toscana.jpg\u00a0\u00bb background_enable_image=\u00a0\u00bbon\u00a0\u00bb link_option_url=\u00a0\u00bb@ET-DC@eyJkeW5hbWljIjp0cnVlLCJjb250ZW50IjoicG9zdF9saW5rX3VybF9wYWdlIiwic2V0dGluZ3MiOnsicG9zdF9pZCI6Ijc3MTgifX0=@\u00a0\u00bb custom_css_main_element=\u00a0\u00bbheight:450px!important;\u00a0\u00bb global_colors_info=\u00a0\u00bb{}\u00a0\u00bb][\/dica_divi_carouselitem][\/dica_divi_carousel][\/et_pb_column][\/et_pb_row][\/et_pb_section]<\/p>\n","protected":false},"excerpt":{"rendered":"<p>Vacances Trekking en ToscaneCeux qui aiment le trekking et veulent se sentir en parfaite harmonie dans un cadre naturel preserv\u00e9 entre terre et mer, trouveront sans aucun doute en Toscane une r\u00e9gion capable de satisfaire pleinement leurs besoins. Les sentiers de randonn\u00e9e peuvent \u00eatre parcourus ind\u00e9pendamment de la pr\u00e9paration de ceux qui visitent cette terre [&hellip;]<\/p>\n","protected":false},"author":7,"featured_media":0,"parent":7538,"menu_order":51,"comment_status":"closed","ping_status":"closed","template":"","meta":{"_et_pb_use_builder":"on","_et_pb_old_content":"","_et_gb_content_width":"","ngg_post_thumbnail":0,"footnotes":""},"class_list":["post-7347","page","type-page","status-publish","hentry"],"yoast_head":"<!-- This site is optimized with the Yoast SEO plugin v25.8 - https:\/\/yoast.com\/wordpress\/plugins\/seo\/ -->\n<title>Vacances Trekking en Toscane - Villaggio Orizzonte<\/title>\n<meta name=\"description\" content=\"Ceux qui aiment le trekking et veulent se sentir en parfaite harmonie dans un cadre naturel preserv\u00e9 entre terre et mer, trouveront sans aucun doute en Toscane\" \/>\n<meta name=\"robots\" content=\"index, follow, max-snippet:-1, max-image-preview:large, max-video-preview:-1\" \/>\n<link rel=\"canonical\" href=\"https:\/\/www.villaggioorizzonte.it\/fr\/sport-et-vacances-actives-en-toscane\/trekking.html\" \/>\n<meta property=\"og:locale\" content=\"fr_FR\" \/>\n<meta property=\"og:type\" content=\"article\" \/>\n<meta property=\"og:title\" content=\"Vacances Trekking en Toscane - Villaggio Orizzonte\" \/>\n<meta property=\"og:description\" content=\"Ceux qui aiment le trekking et veulent se sentir en parfaite harmonie dans un cadre naturel preserv\u00e9 entre terre et mer, trouveront sans aucun doute en Toscane\" \/>\n<meta property=\"og:url\" content=\"https:\/\/www.villaggioorizzonte.it\/fr\/sport-et-vacances-actives-en-toscane\/trekking.html\" \/>\n<meta property=\"og:site_name\" content=\"Villaggio Orizzonte\" \/>\n<meta property=\"article:modified_time\" content=\"2022-04-29T12:45:59+00:00\" \/>\n<meta name=\"twitter:card\" content=\"summary_large_image\" \/>\n<script type=\"application\/ld+json\" class=\"yoast-schema-graph\">{\"@context\":\"https:\/\/schema.org\",\"@graph\":[{\"@type\":\"WebPage\",\"@id\":\"https:\/\/www.villaggioorizzonte.it\/fr\/sport-et-vacances-actives-en-toscane\/trekking.html\",\"url\":\"https:\/\/www.villaggioorizzonte.it\/fr\/sport-et-vacances-actives-en-toscane\/trekking.html\",\"name\":\"Vacances Trekking en Toscane - Villaggio Orizzonte\",\"isPartOf\":{\"@id\":\"https:\/\/www.villaggioorizzonte.it\/fr\/#website\"},\"datePublished\":\"2019-09-02T09:58:45+00:00\",\"dateModified\":\"2022-04-29T12:45:59+00:00\",\"description\":\"Ceux qui aiment le trekking et veulent se sentir en parfaite harmonie dans un cadre naturel preserv\u00e9 entre terre et mer, trouveront sans aucun doute en Toscane\",\"breadcrumb\":{\"@id\":\"https:\/\/www.villaggioorizzonte.it\/fr\/sport-et-vacances-actives-en-toscane\/trekking.html#breadcrumb\"},\"inLanguage\":\"fr-FR\",\"potentialAction\":[{\"@type\":\"ReadAction\",\"target\":[\"https:\/\/www.villaggioorizzonte.it\/fr\/sport-et-vacances-actives-en-toscane\/trekking.html\"]}]},{\"@type\":\"BreadcrumbList\",\"@id\":\"https:\/\/www.villaggioorizzonte.it\/fr\/sport-et-vacances-actives-en-toscane\/trekking.html#breadcrumb\",\"itemListElement\":[{\"@type\":\"ListItem\",\"position\":1,\"name\":\"Home\",\"item\":\"https:\/\/www.villaggioorizzonte.it\/fr\/\"},{\"@type\":\"ListItem\",\"position\":2,\"name\":\"Sport et vacances actives\",\"item\":\"https:\/\/www.villaggioorizzonte.it\/fr\/sport-et-vacances-actives-en-toscane.html\"},{\"@type\":\"ListItem\",\"position\":3,\"name\":\"Trekking\"}]},{\"@type\":\"WebSite\",\"@id\":\"https:\/\/www.villaggioorizzonte.it\/fr\/#website\",\"url\":\"https:\/\/www.villaggioorizzonte.it\/fr\/\",\"name\":\"Villaggio Orizzonte\",\"description\":\"Villaggio Turistico\",\"potentialAction\":[{\"@type\":\"SearchAction\",\"target\":{\"@type\":\"EntryPoint\",\"urlTemplate\":\"https:\/\/www.villaggioorizzonte.it\/fr\/?s={search_term_string}\"},\"query-input\":{\"@type\":\"PropertyValueSpecification\",\"valueRequired\":true,\"valueName\":\"search_term_string\"}}],\"inLanguage\":\"fr-FR\"}]}<\/script>\n<!-- \/ Yoast SEO plugin. -->","yoast_head_json":{"title":"Vacances Trekking en Toscane - Villaggio Orizzonte","description":"Ceux qui aiment le trekking et veulent se sentir en parfaite harmonie dans un cadre naturel preserv\u00e9 entre terre et mer, trouveront sans aucun doute en Toscane","robots":{"index":"index","follow":"follow","max-snippet":"max-snippet:-1","max-image-preview":"max-image-preview:large","max-video-preview":"max-video-preview:-1"},"canonical":"https:\/\/www.villaggioorizzonte.it\/fr\/sport-et-vacances-actives-en-toscane\/trekking.html","og_locale":"fr_FR","og_type":"article","og_title":"Vacances Trekking en Toscane - Villaggio Orizzonte","og_description":"Ceux qui aiment le trekking et veulent se sentir en parfaite harmonie dans un cadre naturel preserv\u00e9 entre terre et mer, trouveront sans aucun doute en Toscane","og_url":"https:\/\/www.villaggioorizzonte.it\/fr\/sport-et-vacances-actives-en-toscane\/trekking.html","og_site_name":"Villaggio Orizzonte","article_modified_time":"2022-04-29T12:45:59+00:00","twitter_card":"summary_large_image","schema":{"@context":"https:\/\/schema.org","@graph":[{"@type":"WebPage","@id":"https:\/\/www.villaggioorizzonte.it\/fr\/sport-et-vacances-actives-en-toscane\/trekking.html","url":"https:\/\/www.villaggioorizzonte.it\/fr\/sport-et-vacances-actives-en-toscane\/trekking.html","name":"Vacances Trekking en Toscane - Villaggio Orizzonte","isPartOf":{"@id":"https:\/\/www.villaggioorizzonte.it\/fr\/#website"},"datePublished":"2019-09-02T09:58:45+00:00","dateModified":"2022-04-29T12:45:59+00:00","description":"Ceux qui aiment le trekking et veulent se sentir en parfaite harmonie dans un cadre naturel preserv\u00e9 entre terre et mer, trouveront sans aucun doute en Toscane","breadcrumb":{"@id":"https:\/\/www.villaggioorizzonte.it\/fr\/sport-et-vacances-actives-en-toscane\/trekking.html#breadcrumb"},"inLanguage":"fr-FR","potentialAction":[{"@type":"ReadAction","target":["https:\/\/www.villaggioorizzonte.it\/fr\/sport-et-vacances-actives-en-toscane\/trekking.html"]}]},{"@type":"BreadcrumbList","@id":"https:\/\/www.villaggioorizzonte.it\/fr\/sport-et-vacances-actives-en-toscane\/trekking.html#breadcrumb","itemListElement":[{"@type":"ListItem","position":1,"name":"Home","item":"https:\/\/www.villaggioorizzonte.it\/fr\/"},{"@type":"ListItem","position":2,"name":"Sport et vacances actives","item":"https:\/\/www.villaggioorizzonte.it\/fr\/sport-et-vacances-actives-en-toscane.html"},{"@type":"ListItem","position":3,"name":"Trekking"}]},{"@type":"WebSite","@id":"https:\/\/www.villaggioorizzonte.it\/fr\/#website","url":"https:\/\/www.villaggioorizzonte.it\/fr\/","name":"Villaggio Orizzonte","description":"Villaggio Turistico","potentialAction":[{"@type":"SearchAction","target":{"@type":"EntryPoint","urlTemplate":"https:\/\/www.villaggioorizzonte.it\/fr\/?s={search_term_string}"},"query-input":{"@type":"PropertyValueSpecification","valueRequired":true,"valueName":"search_term_string"}}],"inLanguage":"fr-FR"}]}},"_links":{"self":[{"href":"https:\/\/www.villaggioorizzonte.it\/fr\/wp-json\/wp\/v2\/pages\/7347","targetHints":{"allow":["GET"]}}],"collection":[{"href":"https:\/\/www.villaggioorizzonte.it\/fr\/wp-json\/wp\/v2\/pages"}],"about":[{"href":"https:\/\/www.villaggioorizzonte.it\/fr\/wp-json\/wp\/v2\/types\/page"}],"author":[{"embeddable":true,"href":"https:\/\/www.villaggioorizzonte.it\/fr\/wp-json\/wp\/v2\/users\/7"}],"replies":[{"embeddable":true,"href":"https:\/\/www.villaggioorizzonte.it\/fr\/wp-json\/wp\/v2\/comments?post=7347"}],"version-history":[{"count":0,"href":"https:\/\/www.villaggioorizzonte.it\/fr\/wp-json\/wp\/v2\/pages\/7347\/revisions"}],"up":[{"embeddable":true,"href":"https:\/\/www.villaggioorizzonte.it\/fr\/wp-json\/wp\/v2\/pages\/7538"}],"wp:attachment":[{"href":"https:\/\/www.villaggioorizzonte.it\/fr\/wp-json\/wp\/v2\/media?parent=7347"}],"curies":[{"name":"wp","href":"https:\/\/api.w.org\/{rel}","templated":true}]}}