{"id":289763,"date":"2024-08-05T11:53:26","date_gmt":"2024-08-05T09:53:26","guid":{"rendered":"https:\/\/www.villaggioorizzonte.it\/?page_id=289763"},"modified":"2026-01-21T13:55:52","modified_gmt":"2026-01-21T12:55:52","slug":"september-am-meer-in-der-toskana","status":"publish","type":"page","link":"https:\/\/www.villaggioorizzonte.it\/de\/september-am-meer-in-der-toskana.html","title":{"rendered":"Offerte Settembre Toscana mare"},"content":{"rendered":"<p>[et_pb_section fb_built=&#8220;1&#8243; admin_label=&#8220;Testata&#8220; _builder_version=&#8220;4.16&#8243; _module_preset=&#8220;default&#8220; custom_margin=&#8220;0px|0px|0px||false|false&#8220; custom_padding=&#8220;0px|0px|0px|0px|false|false&#8220; da_disable_devices=&#8220;off|off|off&#8220; saved_tabs=&#8220;all&#8220; locked=&#8220;off&#8220; collapsed=&#8220;off&#8220; global_colors_info=&#8220;{}&#8220; da_is_popup=&#8220;off&#8220; da_exit_intent=&#8220;off&#8220; da_has_close=&#8220;on&#8220; da_alt_close=&#8220;off&#8220; da_dark_close=&#8220;off&#8220; da_not_modal=&#8220;on&#8220; da_is_singular=&#8220;off&#8220; da_with_loader=&#8220;off&#8220; da_has_shadow=&#8220;on&#8220;][et_pb_row use_custom_gutter=&#8220;on&#8220; gutter_width=&#8220;1&#8243; admin_label=&#8220;Sfondo immagine&#8220; module_class=&#8220;testata&#8220; _builder_version=&#8220;4.16&#8243; _module_preset=&#8220;default&#8220; background_color=&#8220;RGBA(255,255,255,0)&#8220; background_enable_image=&#8220;off&#8220; width=&#8220;100%&#8220; max_width=&#8220;100%&#8220; module_alignment=&#8220;center&#8220; height=&#8220;88vh&#8220; overflow-x=&#8220;hidden&#8220; overflow-y=&#8220;hidden&#8220; locked=&#8220;off&#8220; collapsed=&#8220;off&#8220; global_colors_info=&#8220;{}&#8220; custom_css_main_element_last_edited=&#8220;on|phone&#8220; custom_css_main_element_phone=&#8220;max-height: 550px!important;&#8220;][et_pb_column type=&#8220;4_4&#8243; _builder_version=&#8220;4.16&#8243; _module_preset=&#8220;default&#8220; global_colors_info=&#8220;{}&#8220;][et_pb_image src=&#8220;https:\/\/www.villaggioorizzonte.it\/wp-content\/uploads\/2022\/07\/testata-landing.jpg&#8220; alt=&#8220;animazione bambini villaggio mare toscana&#8220; title_text=&#8220;orizzonte-ultime-disponibilit\u00e0&#8220; force_fullwidth=&#8220;on&#8220; _builder_version=&#8220;4.17.4&#8243; _module_preset=&#8220;default&#8220; saved_tabs=&#8220;all&#8220; global_colors_info=&#8220;{}&#8220;][\/et_pb_image][\/et_pb_column][\/et_pb_row][et_pb_row column_structure=&#8220;2_5,3_5&#8243; use_custom_gutter=&#8220;on&#8220; gutter_width=&#8220;1&#8243; make_equal=&#8220;on&#8220; admin_label=&#8220;Titolo&#8220; _builder_version=&#8220;4.16&#8243; _module_preset=&#8220;default&#8220; background_color=&#8220;RGBA(255,255,255,0)&#8220; width=&#8220;100%&#8220; max_width=&#8220;100%&#8220; module_alignment=&#8220;left&#8220; custom_margin=&#8220;-163px||||false|false&#8220; custom_margin_tablet=&#8220;-163px||||false|false&#8220; custom_margin_phone=&#8220;-124px||||false|false&#8220; custom_margin_last_edited=&#8220;on|phone&#8220; custom_padding=&#8220;||||true|false&#8220; collapsed=&#8220;off&#8220; global_colors_info=&#8220;{}&#8220;][et_pb_column type=&#8220;2_5&#8243; disabled_on=&#8220;off|off|off&#8220; _builder_version=&#8220;4.16&#8243; _module_preset=&#8220;default&#8220; global_colors_info=&#8220;{}&#8220; custom_css_main_element_last_edited=&#8220;on|phone&#8220; custom_css_main_element_phone=&#8220;width:30px!important;||display:block!important;&#8220;][\/et_pb_column][et_pb_column type=&#8220;3_5&#8243; _builder_version=&#8220;4.16&#8243; _module_preset=&#8220;default&#8220; background_color=&#8220;#FFFFFF&#8220; custom_padding=&#8220;25px||25px|30px|true|false&#8220; custom_padding_tablet=&#8220;25px||25px|30px|true|false&#8220; custom_padding_phone=&#8220;||5px|20px|false|false&#8220; custom_padding_last_edited=&#8220;on|phone&#8220; global_colors_info=&#8220;{}&#8220; custom_css_main_element_last_edited=&#8220;on|phone&#8220; custom_css_main_element_phone=&#8220;width: calc(100% &#8211; 30px)!important;&#8220;][et_pb_text admin_label=&#8220;Testo&#8220; _builder_version=&#8220;4.21.0&#8243; _module_preset=&#8220;default&#8220; background_color=&#8220;RGBA(255,255,255,0)&#8220; saved_tabs=&#8220;all&#8220; global_colors_info=&#8220;{}&#8220;]<\/p>\n<h2 class=\"h1app\">SEPTEMBER AM MEER IN DER TOSKANA<\/h2>\n<h1 class=\"h2app\">ENTSPANNUNG UND PREISVORTEILE<\/h1>\n<p>[\/et_pb_text][\/et_pb_column][\/et_pb_row][\/et_pb_section][et_pb_section fb_built=&#8220;1&#8243; disabled_on=&#8220;on|on|on&#8220; admin_label=&#8220;Intro&#8220; _builder_version=&#8220;4.21.0&#8243; _module_preset=&#8220;default&#8220; da_disable_devices=&#8220;off|off|off&#8220; disabled=&#8220;on&#8220; collapsed=&#8220;off&#8220; global_colors_info=&#8220;{}&#8220; da_is_popup=&#8220;off&#8220; da_exit_intent=&#8220;off&#8220; da_has_close=&#8220;on&#8220; da_alt_close=&#8220;off&#8220; da_dark_close=&#8220;off&#8220; da_not_modal=&#8220;on&#8220; da_is_singular=&#8220;off&#8220; da_with_loader=&#8220;off&#8220; da_has_shadow=&#8220;on&#8220;][et_pb_row _builder_version=&#8220;4.16&#8243; _module_preset=&#8220;default&#8220; collapsed=&#8220;off&#8220; global_colors_info=&#8220;{}&#8220;][et_pb_column type=&#8220;4_4&#8243; _builder_version=&#8220;4.16&#8243; _module_preset=&#8220;default&#8220; background_enable_color=&#8220;off&#8220; custom_padding=&#8220;||||true|false&#8220; global_colors_info=&#8220;{}&#8220;][et_pb_text disabled_on=&#8220;on|on|on&#8220; _builder_version=&#8220;4.17.4&#8243; _module_preset=&#8220;default&#8220; disabled=&#8220;on&#8220; global_colors_info=&#8220;{}&#8220;]<\/p>\n<p>Sei pronto a partire? Non lasciarti sfuggire le nostre <strong>ultime disponibilit\u00e0 dal 20 Agosto<\/strong> in poi!<\/p>\n<p>[\/et_pb_text][\/et_pb_column][\/et_pb_row][\/et_pb_section][et_pb_section fb_built=&#8220;1&#8243; admin_label=&#8220;Contenuto&#8220; _builder_version=&#8220;4.16&#8243; _module_preset=&#8220;default&#8220; da_disable_devices=&#8220;off|off|off&#8220; collapsed=&#8220;off&#8220; global_colors_info=&#8220;{}&#8220; da_is_popup=&#8220;off&#8220; da_exit_intent=&#8220;off&#8220; da_has_close=&#8220;on&#8220; da_alt_close=&#8220;off&#8220; da_dark_close=&#8220;off&#8220; da_not_modal=&#8220;on&#8220; da_is_singular=&#8220;off&#8220; da_with_loader=&#8220;off&#8220; da_has_shadow=&#8220;on&#8220;][et_pb_row admin_label=&#8220;titolo appuntamenti settimanali&#8220; _builder_version=&#8220;4.16&#8243; _module_preset=&#8220;default&#8220; collapsed=&#8220;off&#8220; global_colors_info=&#8220;{}&#8220;][et_pb_column type=&#8220;4_4&#8243; _builder_version=&#8220;4.16&#8243; _module_preset=&#8220;default&#8220; global_colors_info=&#8220;{}&#8220;][et_pb_text admin_label=&#8220;Titolo&#8220; _builder_version=&#8220;4.21.0&#8243; _module_preset=&#8220;default&#8220; locked=&#8220;off&#8220; global_colors_info=&#8220;{}&#8220;]<\/p>\n<h3><b>SICHERN SIE JETZT <\/b><span style=\"color: #e67e23;\">&nbsp; <b>DEN BESTEN VERF\u00dcGBAREN<\/b><\/span>&nbsp; <b>TARIF!<\/b><\/h3>\n<h3>SPAREN SIE BIS ZU 20% BEI DIREKTER BUCHUNG<\/h3>\n<p>[\/et_pb_text][\/et_pb_column][\/et_pb_row][et_pb_row _builder_version=&#8220;4.16&#8243; _module_preset=&#8220;default&#8220; collapsed=&#8220;off&#8220; global_colors_info=&#8220;{}&#8220;][et_pb_column type=&#8220;4_4&#8243; _builder_version=&#8220;4.16&#8243; _module_preset=&#8220;default&#8220; global_colors_info=&#8220;{}&#8220;][et_pb_text disabled_on=&#8220;off|off|off&#8220; admin_label=&#8220;Testo&#8220; _builder_version=&#8220;4.21.0&#8243; _module_preset=&#8220;default&#8220; custom_margin=&#8220;20px||20px||false|false&#8220; locked=&#8220;off&#8220; global_colors_info=&#8220;{}&#8220;]<\/p>\n<h3 style=\"text-align: center;\"><strong>GRATIS STRAND-PROMO im SEPTEMBER<\/strong><\/h3>\n<p style=\"text-align: center;\">Genie\u00dfen Sie das Meer: Den Sonnenschirm schenken wir Ihnen!<br \/><em>Das Angebot gilt f\u00fcr Aufenthalte ab dem 13. September, bei einem Mindestaufenthalt von 4 N\u00e4chten, solange der Vorrat reicht.<\/em><\/p>\n<p style=\"text-align: center; color: #f18100; font-size: 36px;\">Buchen Sie jetzt Ihren Septemberurlaub in der Toskana!<\/p>\n<p>[\/et_pb_text][\/et_pb_column][\/et_pb_row][et_pb_row column_structure=&#8220;1_2,1_2&#8243; _builder_version=&#8220;4.16&#8243; _module_preset=&#8220;default&#8220; collapsed=&#8220;off&#8220; global_colors_info=&#8220;{}&#8220;][et_pb_column type=&#8220;1_2&#8243; _builder_version=&#8220;4.16&#8243; _module_preset=&#8220;default&#8220; global_colors_info=&#8220;{}&#8220;][et_pb_text disabled_on=&#8220;on|on|on&#8220; _builder_version=&#8220;4.21.0&#8243; _module_preset=&#8220;default&#8220; disabled=&#8220;on&#8220; global_colors_info=&#8220;{}&#8220;]<\/p>\n<div class=\"promo-sept\">\n<p><strong>Spezial September:<\/strong> <em><strong>Sonnenschirm und Liegen inklusive.<\/p>\n<p><\/strong><\/em>Ab dem 08.09.<\/p>\n<p><a class=\"promo-btn\" href=\"#preventivo\">Angebot anfordern<\/a><\/p>\n<\/div>\n<p>[\/et_pb_text][et_pb_text _builder_version=&#8220;4.21.0&#8243; _module_preset=&#8220;default&#8220; global_colors_info=&#8220;{}&#8220;]<\/p>\n<p><strong>Verpassen Sie diese einmalige Gelegenheit nicht!<\/strong><\/p>\n<p>&nbsp;<\/p>\n<p>September ist die perfekte Zeit f\u00fcr einen entspannten und preisg\u00fcnstigen Urlaub am Meer. Genie\u00dfen Sie einen erholsamen Strandurlaubs in der Toskana in einer ruhigen und einladenden Atmosph\u00e4re, fernab vom Sommertrubel.<\/p>\n<p>Und um Ihr Erlebnis noch besonderer zu machen, wurden unsere beiden Restaurants in diesem Jahr stilistisch und gastronomisch erneuert. Ge\u00f6ffnet vom Fr\u00fchst\u00fcck bis zum Abendessen, bereit, Ihnen ein unvergessliches kulinarisches Erlebnis zu bieten. Verpassen Sie diese einmalige Gelegenheit nicht!<\/p>\n<p>[\/et_pb_text][et_pb_button button_url=&#8220;https:\/\/www.simplebooking.it\/ibe\/search?hid=4346&#038;lang=DE&#038;_ga=2.80746903.1072716270.1643191838-1277919642.1574080711&#8243; url_new_window=&#8220;on&#8220; button_text=&#8220;JETZT BUCHEN&#8220; button_alignment=&#8220;left&#8220; _builder_version=&#8220;4.21.0&#8243; _module_preset=&#8220;default&#8220; custom_button=&#8220;on&#8220; button_text_size=&#8220;18px&#8220; button_text_color=&#8220;#FFFFFF&#8220; button_bg_color=&#8220;#F1A000&#8243; button_border_radius=&#8220;1px&#8220; button_font=&#8220;Krona One|||on|||||&#8220; button_icon=&#8220;&#x24;||divi||400&#8243; background_layout=&#8220;dark&#8220; custom_margin=&#8220;0px||||false|false&#8220; global_colors_info=&#8220;{}&#8220;][\/et_pb_button][\/et_pb_column][et_pb_column type=&#8220;1_2&#8243; _builder_version=&#8220;4.16&#8243; _module_preset=&#8220;default&#8220; global_colors_info=&#8220;{}&#8220;][et_pb_image src=&#8220;https:\/\/www.villaggioorizzonte.it\/wp-content\/uploads\/2025\/09\/settembre-toscana-senior.jpg&#8220; alt=&#8220;settembre toscana senior&#8220; title_text=&#8220;settembre toscana senior&#8220; _builder_version=&#8220;4.21.0&#8243; _module_preset=&#8220;default&#8220; global_colors_info=&#8220;{}&#8220;][\/et_pb_image][\/et_pb_column][\/et_pb_row][et_pb_row column_structure=&#8220;1_2,1_2&#8243; disabled_on=&#8220;on|on|on&#8220; _builder_version=&#8220;4.17.4&#8243; _module_preset=&#8220;default&#8220; disabled=&#8220;on&#8220; collapsed=&#8220;off&#8220; global_colors_info=&#8220;{}&#8220;][et_pb_column type=&#8220;1_2&#8243; _builder_version=&#8220;4.16&#8243; _module_preset=&#8220;default&#8220; global_colors_info=&#8220;{}&#8220;][et_pb_image src=&#8220;https:\/\/www.villaggioorizzonte.it\/wp-content\/uploads\/2021\/10\/animali-zooantropologia.jpg&#8220; alt=&#8220;animali-zooantropologia&#8220; title_text=&#8220;animali-zooantropologia&#8220; _builder_version=&#8220;4.16&#8243; _module_preset=&#8220;default&#8220; global_colors_info=&#8220;{}&#8220;][\/et_pb_image][\/et_pb_column][et_pb_column type=&#8220;1_2&#8243; _builder_version=&#8220;4.16&#8243; _module_preset=&#8220;default&#8220; global_colors_info=&#8220;{}&#8220;][et_pb_text _builder_version=&#8220;4.16&#8243; _module_preset=&#8220;default&#8220; global_colors_info=&#8220;{}&#8220;]<\/p>\n<h5 class=\"h4pag\">Laboratorio Zooantropologia<\/h5>\n<p>Una volta alla settimana avremo il <strong>laboratorio di ZooAntropologia<\/strong>, gestito dalla nostra Istruttrice Cinofila Costanza, molto amata dai bambini.<\/p>\n<p>Questa attivit\u00e0 prevede l\u2019<strong>avvicinamento al cane<\/strong> e la gestione del cane, che consiste per esempio nel capire come si accarezza, in quali punti lo si deve fare, come deve essere gestito durante una passeggiata oppure nell\u2019ambiente domestico.<\/p>\n<p>Questo laboratorio sar\u00e0 attivo indicativamente da met\u00e0 giugno a met\u00e0 settembre.<\/p>\n<p>[\/et_pb_text][\/et_pb_column][\/et_pb_row][et_pb_row admin_label=&#8220;titolo appuntamenti settimanali&#8220; _builder_version=&#8220;4.16&#8243; _module_preset=&#8220;default&#8220; collapsed=&#8220;off&#8220; global_colors_info=&#8220;{}&#8220;][et_pb_column type=&#8220;4_4&#8243; _builder_version=&#8220;4.16&#8243; _module_preset=&#8220;default&#8220; global_colors_info=&#8220;{}&#8220;][et_pb_text admin_label=&#8220;Titolo&#8220; _builder_version=&#8220;4.21.0&#8243; _module_preset=&#8220;default&#8220; locked=&#8220;off&#8220; global_colors_info=&#8220;{}&#8220;]<\/p>\n<h3 class=\"h3pag\" style=\"text-align: center\">VIELE AKTIVIT\u00c4TEN &#038; EXKLUSIVE ANGEBOTE<\/h3>\n<h4 class=\"h4pag\" style=\"text-align: center\">SEPTEMBER AM MEER IN DER TOSKANA<\/h4>\n<p>[\/et_pb_text][\/et_pb_column][\/et_pb_row][et_pb_row admin_label=&#8220;Riga&#8220; _builder_version=&#8220;4.16&#8243; _module_preset=&#8220;default&#8220; collapsed=&#8220;off&#8220; global_colors_info=&#8220;{}&#8220;][et_pb_column type=&#8220;4_4&#8243; _builder_version=&#8220;4.16&#8243; _module_preset=&#8220;default&#8220; global_colors_info=&#8220;{}&#8220;][et_pb_text _builder_version=&#8220;4.21.0&#8243; _module_preset=&#8220;default&#8220; global_colors_info=&#8220;{}&#8220;]<\/p>\n<p>Lassen Sie sich von einem Urlaub im Villaggio Orizzonte verzaubern! Der perfekte Ort, um einen Aufenthalt voller Entspannung und <strong>Sport<\/strong> zu erleben. Im Feriendorf finden Sie Schwimmb\u00e4der, Fu\u00dfballpl\u00e4tze, Beachvolleyballfelder, einen neuen Padel-Platz und vieles mehr.<\/p>\n<p>Au\u00dferdem sind auch Ihre vierbeinigen Freunde bei uns herzlich willkommen!<\/p>\n<p>September ist der ideale Monat f\u00fcr alle, die qualitativ hochwertige Ferien zu g\u00fcnstigen Preisen suchen. Bei einer Buchung k\u00f6nnen Sie jetzt von speziellen Tarifen profitieren, die Ihren Urlaub noch g\u00fcnstiger machen.<\/p>\n<p>Wir erwarten Sie, um Ihnen Momente puren Gl\u00fccks im Villaggio Orizzonte zu schenken!<\/p>\n<p>[\/et_pb_text][\/et_pb_column][\/et_pb_row][et_pb_row admin_label=&#8220;Carosello&#8220; _builder_version=&#8220;4.16&#8243; _module_preset=&#8220;default&#8220; collapsed=&#8220;off&#8220; global_colors_info=&#8220;{}&#8220;][et_pb_column type=&#8220;4_4&#8243; _builder_version=&#8220;4.16&#8243; _module_preset=&#8220;default&#8220; global_colors_info=&#8220;{}&#8220;][et_pb_image src=&#8220;https:\/\/www.villaggioorizzonte.it\/wp-content\/uploads\/2025\/09\/settembre-toscana-1.jpg&#8220; alt=&#8220;settembre-toscana&#8220; title_text=&#8220;settembre-toscana&#8220; _builder_version=&#8220;4.21.0&#8243; _module_preset=&#8220;default&#8220; global_colors_info=&#8220;{}&#8220;][\/et_pb_image][\/et_pb_column][\/et_pb_row][\/et_pb_section]<\/p>\n","protected":false},"excerpt":{"rendered":"<p>SEPTEMBER AM MEER IN DER TOSKANA ENTSPANNUNG UND PREISVORTEILESei pronto a partire? Non lasciarti sfuggire le nostre ultime disponibilit\u00e0 dal 20 Agosto in poi!SICHERN SIE JETZT &nbsp; DEN BESTEN VERF\u00dcGBAREN&nbsp; TARIF! SPAREN SIE BIS ZU 20% BEI DIREKTER BUCHUNGGRATIS STRAND-PROMO im SEPTEMBER Genie\u00dfen Sie das Meer: Den Sonnenschirm schenken wir Ihnen!Das Angebot gilt f\u00fcr Aufenthalte [&hellip;]<\/p>\n","protected":false},"author":11,"featured_media":0,"parent":0,"menu_order":16,"comment_status":"closed","ping_status":"closed","template":"","meta":{"_et_pb_use_builder":"on","_et_pb_old_content":"[et_pb_section fb_built=\"1\" admin_label=\"Testata\" _builder_version=\"4.16\" _module_preset=\"default\" custom_margin=\"0px|0px|0px||false|false\" custom_padding=\"0px|0px|0px|0px|false|false\" da_disable_devices=\"off|off|off\" saved_tabs=\"all\" locked=\"off\" collapsed=\"off\" global_colors_info=\"{}\" da_is_popup=\"off\" da_exit_intent=\"off\" da_has_close=\"on\" da_alt_close=\"off\" da_dark_close=\"off\" da_not_modal=\"on\" da_is_singular=\"off\" da_with_loader=\"off\" da_has_shadow=\"on\"][et_pb_row use_custom_gutter=\"on\" gutter_width=\"1\" admin_label=\"Sfondo immagine\" module_class=\"testata\" _builder_version=\"4.16\" _module_preset=\"default\" background_color=\"RGBA(255,255,255,0)\" background_enable_image=\"off\" width=\"100%\" max_width=\"100%\" module_alignment=\"center\" height=\"88vh\" overflow-x=\"hidden\" overflow-y=\"hidden\" locked=\"off\" collapsed=\"off\" global_colors_info=\"{}\" custom_css_main_element_last_edited=\"on|phone\" custom_css_main_element_phone=\"max-height: 550px!important;\"][et_pb_column type=\"4_4\" _builder_version=\"4.16\" _module_preset=\"default\" global_colors_info=\"{}\"][et_pb_image src=\"https:\/\/www.villaggioorizzonte.it\/wp-content\/uploads\/2022\/07\/testata-landing.jpg\" alt=\"animazione bambini villaggio mare toscana\" title_text=\"orizzonte-ultime-disponibilit\u00e0\" force_fullwidth=\"on\" _builder_version=\"4.17.4\" _module_preset=\"default\" saved_tabs=\"all\" global_colors_info=\"{}\"][\/et_pb_image][\/et_pb_column][\/et_pb_row][et_pb_row column_structure=\"2_5,3_5\" use_custom_gutter=\"on\" gutter_width=\"1\" make_equal=\"on\" admin_label=\"Titolo\" _builder_version=\"4.16\" _module_preset=\"default\" background_color=\"RGBA(255,255,255,0)\" width=\"100%\" max_width=\"100%\" module_alignment=\"left\" custom_margin=\"-163px||||false|false\" custom_margin_tablet=\"-163px||||false|false\" custom_margin_phone=\"-124px||||false|false\" custom_margin_last_edited=\"on|phone\" custom_padding=\"||||true|false\" collapsed=\"off\" global_colors_info=\"{}\"][et_pb_column type=\"2_5\" disabled_on=\"off|off|off\" _builder_version=\"4.16\" _module_preset=\"default\" global_colors_info=\"{}\" custom_css_main_element_last_edited=\"on|phone\" custom_css_main_element_phone=\"width:30px!important;||display:block!important;\"][\/et_pb_column][et_pb_column type=\"3_5\" _builder_version=\"4.16\" _module_preset=\"default\" background_color=\"#FFFFFF\" custom_padding=\"25px||25px|30px|true|false\" custom_padding_tablet=\"25px||25px|30px|true|false\" custom_padding_phone=\"||5px|20px|false|false\" custom_padding_last_edited=\"on|phone\" global_colors_info=\"{}\" custom_css_main_element_last_edited=\"on|phone\" custom_css_main_element_phone=\"width: calc(100% - 30px)!important;\"][et_pb_text admin_label=\"Testo\" _builder_version=\"4.21.0\" _module_preset=\"default\" background_color=\"RGBA(255,255,255,0)\" saved_tabs=\"all\" global_colors_info=\"{}\"]<h2 class=\"h1app\">Settembre al mare in Toscana<\/h2>\r\n<h1 class=\"h2app\">Relax e convenienza<\/h1>[\/et_pb_text][\/et_pb_column][\/et_pb_row][\/et_pb_section][et_pb_section fb_built=\"1\" admin_label=\"Intro\" _builder_version=\"4.16\" _module_preset=\"default\" da_disable_devices=\"off|off|off\" collapsed=\"off\" global_colors_info=\"{}\" da_is_popup=\"off\" da_exit_intent=\"off\" da_has_close=\"on\" da_alt_close=\"off\" da_dark_close=\"off\" da_not_modal=\"on\" da_is_singular=\"off\" da_with_loader=\"off\" da_has_shadow=\"on\"][et_pb_row _builder_version=\"4.16\" _module_preset=\"default\" collapsed=\"off\" global_colors_info=\"{}\"][et_pb_column type=\"4_4\" _builder_version=\"4.16\" _module_preset=\"default\" background_enable_color=\"off\" custom_padding=\"||||true|false\" global_colors_info=\"{}\"][et_pb_text disabled_on=\"on|on|on\" _builder_version=\"4.17.4\" _module_preset=\"default\" disabled=\"on\" global_colors_info=\"{}\"]<p>Sei pronto a partire? Non lasciarti sfuggire le nostre <strong>ultime disponibilit\u00e0 dal 20 Agosto<\/strong> in poi!<\/p>[\/et_pb_text][\/et_pb_column][\/et_pb_row][\/et_pb_section][et_pb_section fb_built=\"1\" admin_label=\"Contenuto\" _builder_version=\"4.16\" _module_preset=\"default\" da_disable_devices=\"off|off|off\" collapsed=\"off\" global_colors_info=\"{}\" da_is_popup=\"off\" da_exit_intent=\"off\" da_has_close=\"on\" da_alt_close=\"off\" da_dark_close=\"off\" da_not_modal=\"on\" da_is_singular=\"off\" da_with_loader=\"off\" da_has_shadow=\"on\"][et_pb_row admin_label=\"titolo appuntamenti settimanali\" _builder_version=\"4.16\" _module_preset=\"default\" collapsed=\"off\" global_colors_info=\"{}\"][et_pb_column type=\"4_4\" _builder_version=\"4.16\" _module_preset=\"default\" global_colors_info=\"{}\"][et_pb_text admin_label=\"Titolo\" _builder_version=\"4.21.0\" _module_preset=\"default\" hover_enabled=\"0\" locked=\"off\" global_colors_info=\"{}\" sticky_enabled=\"0\"]<h3><b>BLOCCA ORA LA  <\/b><span style=\"color: #e67e23\">\u00a0 <b>MIGLIOR TARIFFA<\/b><\/span>\u00a0 <b>DISPONIBILE!<\/b><\/h3>\r\n<h3>Risparmia fino al 20% prenotando direttamente<\/h3>[\/et_pb_text][\/et_pb_column][\/et_pb_row][et_pb_row column_structure=\"1_2,1_2\" _builder_version=\"4.16\" _module_preset=\"default\" collapsed=\"off\" global_colors_info=\"{}\"][et_pb_column type=\"1_2\" _builder_version=\"4.16\" _module_preset=\"default\" global_colors_info=\"{}\"][et_pb_text _builder_version=\"4.21.0\" _module_preset=\"default\" hover_enabled=\"0\" global_colors_info=\"{}\" sticky_enabled=\"0\"]<p><strong>Non perdere questa occasione!<\/strong><\/p>\r\n<p>Settembre \u00e8 il periodo perfetto per una vacanza all'insegna del relax, del mare e della convenienza. Potrai goderti il meglio di una vacanza mare in Toscana in un'atmosfera tranquilla e accogliente, lontano dal caos estivo<\/p>\r\n<p>E per rendere la tua esperienza ancora pi\u00f9 speciale, quest'anno i nostri due ristoranti sono stati rinnovati nello stile e nella proposta gastronomica. Aperti dalla colazione fino alla cena, pronti ad offrirti un'esperienza culinaria indimenticabile. Non lasciarti sfuggire questa opportunit\u00e0 unica!<\/p>[\/et_pb_text][et_pb_button button_url=\"https:\/\/www.simplebooking.it\/ibe\/search?hid=4346&lang=IT&_ga=2.80746903.1072716270.1643191838-1277919642.1574080711\" url_new_window=\"on\" button_text=\"Prenota ora\" button_alignment=\"left\" _builder_version=\"4.17.4\" _module_preset=\"default\" custom_button=\"on\" button_text_size=\"18px\" button_text_color=\"#FFFFFF\" button_bg_color=\"#F1A000\" button_border_radius=\"1px\" button_font=\"Krona One|||on|||||\" button_icon=\"$||divi||400\" background_layout=\"dark\" custom_margin=\"0px||||false|false\" global_colors_info=\"{}\"][\/et_pb_button][\/et_pb_column][et_pb_column type=\"1_2\" _builder_version=\"4.16\" _module_preset=\"default\" global_colors_info=\"{}\"][et_pb_image src=\"https:\/\/www.villaggioorizzonte.it\/wp-content\/uploads\/2022\/07\/orizzonte-piscina-sud-21-69.jpg\" alt=\"Nuoto Villaggio Orizzonte\" title_text=\"orizzonte---piscina-sud-21-69\" _builder_version=\"4.17.4\" _module_preset=\"default\" global_colors_info=\"{}\"][\/et_pb_image][\/et_pb_column][\/et_pb_row][et_pb_row column_structure=\"1_2,1_2\" disabled_on=\"on|on|on\" _builder_version=\"4.17.4\" _module_preset=\"default\" disabled=\"on\" collapsed=\"off\" global_colors_info=\"{}\"][et_pb_column type=\"1_2\" _builder_version=\"4.16\" _module_preset=\"default\" global_colors_info=\"{}\"][et_pb_image src=\"https:\/\/www.villaggioorizzonte.it\/wp-content\/uploads\/2021\/10\/animali-zooantropologia.jpg\" alt=\"animali-zooantropologia\" title_text=\"animali-zooantropologia\" _builder_version=\"4.16\" _module_preset=\"default\" global_colors_info=\"{}\"][\/et_pb_image][\/et_pb_column][et_pb_column type=\"1_2\" _builder_version=\"4.16\" _module_preset=\"default\" global_colors_info=\"{}\"][et_pb_text _builder_version=\"4.16\" _module_preset=\"default\" global_colors_info=\"{}\"]<h5 class=\"h4pag\">Laboratorio Zooantropologia<\/h5>\r\n<p>Una volta alla settimana avremo il <strong>laboratorio di ZooAntropologia<\/strong>, gestito dalla nostra Istruttrice Cinofila Costanza, molto amata dai bambini.<\/p>\r\n<p>Questa attivit\u00e0 prevede l\u2019<strong>avvicinamento al cane<\/strong> e la gestione del cane, che consiste per esempio nel capire come si accarezza, in quali punti lo si deve fare, come deve essere gestito durante una passeggiata oppure nell\u2019ambiente domestico.<\/p>\r\n<p>Questo laboratorio sar\u00e0 attivo indicativamente da met\u00e0 giugno a met\u00e0 settembre.<\/p>[\/et_pb_text][\/et_pb_column][\/et_pb_row][et_pb_row admin_label=\"titolo appuntamenti settimanali\" _builder_version=\"4.16\" _module_preset=\"default\" collapsed=\"off\" global_colors_info=\"{}\"][et_pb_column type=\"4_4\" _builder_version=\"4.16\" _module_preset=\"default\" global_colors_info=\"{}\"][et_pb_text admin_label=\"Titolo\" _builder_version=\"4.21.0\" _module_preset=\"default\" locked=\"off\" global_colors_info=\"{}\"]<h3 class=\"h3pag\" style=\"text-align: center\">TANTE ATTIVIT\u00c0 & OFFERTE ESCLUSIVE<\/h3>\r\n<h4 class=\"h4pag\" style=\"text-align: center\">Settembre al mare in Toscana<\/h4>[\/et_pb_text][\/et_pb_column][\/et_pb_row][et_pb_row admin_label=\"Riga\" _builder_version=\"4.16\" _module_preset=\"default\" collapsed=\"off\" global_colors_info=\"{}\"][et_pb_column type=\"4_4\" _builder_version=\"4.16\" _module_preset=\"default\" global_colors_info=\"{}\"][et_pb_text _builder_version=\"4.21.0\" _module_preset=\"default\" global_colors_info=\"{}\"]<p>Lasciati conquistare da una vacanza firmata Villaggio Orizzonte! La location giusta per vivere un soggiorno tra Relax e <a href=\"https:\/\/www.villaggioorizzonte.it\/sport-e-vacanze-attive-in-toscana.html\"><strong>Sport<\/strong><\/a>. All'interno del Villaggio troverai infatti piscine, campi da calcetto, campi da beach volley, nuovo campo da padel e molto altro.<\/p>\r\n<p>Inoltre i vostri <a href=\"https:\/\/www.villaggioorizzonte.it\/villaggio-toscana-dog-friendly.html\">amici a quattro zampe<\/a> da noi sono i benvenuti!<\/p>\r\n<p><strong>Giochi, musica, sport e <a href=\"https:\/\/www.villaggioorizzonte.it\/villaggio-toscana-mare-con-animazione.html\">intrattenimento<\/a> per una vacanza da sogno.<\/strong>\r\n\r\nSettembre \u00e8 il mese ideale per chi cerca vacanze di qualit\u00e0 a prezzi vantaggiosi. Prenotando ora, potrai usufruire di tariffe speciali che renderanno la tua vacanza ancora pi\u00f9 conveniente.\r\n\r\nTi aspettiamo per regalarti momenti di pura felicit\u00e0 al Villaggio Orizzonte!<\/p>[\/et_pb_text][\/et_pb_column][\/et_pb_row][et_pb_row admin_label=\"Carosello\" _builder_version=\"4.16\" _module_preset=\"default\" collapsed=\"off\" global_colors_info=\"{}\"][et_pb_column type=\"4_4\" _builder_version=\"4.16\" _module_preset=\"default\" global_colors_info=\"{}\"][et_pb_image src=\"https:\/\/www.villaggioorizzonte.it\/wp-content\/uploads\/2022\/07\/attivit.jpg\" title_text=\"attivit\" _builder_version=\"4.17.4\" _module_preset=\"default\" global_colors_info=\"{}\"][\/et_pb_image][\/et_pb_column][\/et_pb_row][\/et_pb_section]","_et_gb_content_width":"","ngg_post_thumbnail":0,"footnotes":""},"class_list":["post-289763","page","type-page","status-publish","hentry"],"yoast_head":"<!-- This site is optimized with the Yoast SEO plugin v25.8 - https:\/\/yoast.com\/wordpress\/plugins\/seo\/ -->\n<title>Setptember am Meer in Der Toskana - Villaggio Orizzonte<\/title>\n<meta name=\"description\" content=\"September ist die perfekte Zeit f\u00fcr einen entspannten und preisg\u00fcnstigen Urlaub am Meer. Wir erwarten dich, um dir Momente puren Gl\u00fccks im Villaggio Orizzonte zu schenken!\" \/>\n<meta name=\"robots\" content=\"index, follow, max-snippet:-1, max-image-preview:large, max-video-preview:-1\" \/>\n<link rel=\"canonical\" href=\"https:\/\/www.villaggioorizzonte.it\/de\/september-am-meer-in-der-toskana.html\" \/>\n<meta property=\"og:locale\" content=\"de_DE\" \/>\n<meta property=\"og:type\" content=\"article\" \/>\n<meta property=\"og:title\" content=\"Setptember am Meer in Der Toskana - Villaggio Orizzonte\" \/>\n<meta property=\"og:description\" content=\"September ist die perfekte Zeit f\u00fcr einen entspannten und preisg\u00fcnstigen Urlaub am Meer. Wir erwarten dich, um dir Momente puren Gl\u00fccks im Villaggio Orizzonte zu schenken!\" \/>\n<meta property=\"og:url\" content=\"https:\/\/www.villaggioorizzonte.it\/de\/september-am-meer-in-der-toskana.html\" \/>\n<meta property=\"og:site_name\" content=\"Villaggio Orizzonte\" \/>\n<meta property=\"article:modified_time\" content=\"2026-01-21T12:55:52+00:00\" \/>\n<meta name=\"twitter:card\" content=\"summary_large_image\" \/>\n<script type=\"application\/ld+json\" class=\"yoast-schema-graph\">{\"@context\":\"https:\/\/schema.org\",\"@graph\":[{\"@type\":\"WebPage\",\"@id\":\"https:\/\/www.villaggioorizzonte.it\/de\/september-am-meer-in-der-toskana.html\",\"url\":\"https:\/\/www.villaggioorizzonte.it\/de\/september-am-meer-in-der-toskana.html\",\"name\":\"Setptember am Meer in Der Toskana - Villaggio Orizzonte\",\"isPartOf\":{\"@id\":\"https:\/\/www.villaggioorizzonte.it\/de\/#website\"},\"datePublished\":\"2024-08-05T09:53:26+00:00\",\"dateModified\":\"2026-01-21T12:55:52+00:00\",\"description\":\"September ist die perfekte Zeit f\u00fcr einen entspannten und preisg\u00fcnstigen Urlaub am Meer. Wir erwarten dich, um dir Momente puren Gl\u00fccks im Villaggio Orizzonte zu schenken!\",\"breadcrumb\":{\"@id\":\"https:\/\/www.villaggioorizzonte.it\/de\/september-am-meer-in-der-toskana.html#breadcrumb\"},\"inLanguage\":\"de\",\"potentialAction\":[{\"@type\":\"ReadAction\",\"target\":[\"https:\/\/www.villaggioorizzonte.it\/de\/september-am-meer-in-der-toskana.html\"]}]},{\"@type\":\"BreadcrumbList\",\"@id\":\"https:\/\/www.villaggioorizzonte.it\/de\/september-am-meer-in-der-toskana.html#breadcrumb\",\"itemListElement\":[{\"@type\":\"ListItem\",\"position\":1,\"name\":\"Home\",\"item\":\"https:\/\/www.villaggioorizzonte.it\/de\/\"},{\"@type\":\"ListItem\",\"position\":2,\"name\":\"Offerte Settembre Toscana mare\"}]},{\"@type\":\"WebSite\",\"@id\":\"https:\/\/www.villaggioorizzonte.it\/de\/#website\",\"url\":\"https:\/\/www.villaggioorizzonte.it\/de\/\",\"name\":\"Villaggio Orizzonte\",\"description\":\"Villaggio Turistico\",\"potentialAction\":[{\"@type\":\"SearchAction\",\"target\":{\"@type\":\"EntryPoint\",\"urlTemplate\":\"https:\/\/www.villaggioorizzonte.it\/de\/?s={search_term_string}\"},\"query-input\":{\"@type\":\"PropertyValueSpecification\",\"valueRequired\":true,\"valueName\":\"search_term_string\"}}],\"inLanguage\":\"de\"}]}<\/script>\n<!-- \/ Yoast SEO plugin. -->","yoast_head_json":{"title":"Setptember am Meer in Der Toskana - Villaggio Orizzonte","description":"September ist die perfekte Zeit f\u00fcr einen entspannten und preisg\u00fcnstigen Urlaub am Meer. Wir erwarten dich, um dir Momente puren Gl\u00fccks im Villaggio Orizzonte zu schenken!","robots":{"index":"index","follow":"follow","max-snippet":"max-snippet:-1","max-image-preview":"max-image-preview:large","max-video-preview":"max-video-preview:-1"},"canonical":"https:\/\/www.villaggioorizzonte.it\/de\/september-am-meer-in-der-toskana.html","og_locale":"de_DE","og_type":"article","og_title":"Setptember am Meer in Der Toskana - Villaggio Orizzonte","og_description":"September ist die perfekte Zeit f\u00fcr einen entspannten und preisg\u00fcnstigen Urlaub am Meer. Wir erwarten dich, um dir Momente puren Gl\u00fccks im Villaggio Orizzonte zu schenken!","og_url":"https:\/\/www.villaggioorizzonte.it\/de\/september-am-meer-in-der-toskana.html","og_site_name":"Villaggio Orizzonte","article_modified_time":"2026-01-21T12:55:52+00:00","twitter_card":"summary_large_image","schema":{"@context":"https:\/\/schema.org","@graph":[{"@type":"WebPage","@id":"https:\/\/www.villaggioorizzonte.it\/de\/september-am-meer-in-der-toskana.html","url":"https:\/\/www.villaggioorizzonte.it\/de\/september-am-meer-in-der-toskana.html","name":"Setptember am Meer in Der Toskana - Villaggio Orizzonte","isPartOf":{"@id":"https:\/\/www.villaggioorizzonte.it\/de\/#website"},"datePublished":"2024-08-05T09:53:26+00:00","dateModified":"2026-01-21T12:55:52+00:00","description":"September ist die perfekte Zeit f\u00fcr einen entspannten und preisg\u00fcnstigen Urlaub am Meer. Wir erwarten dich, um dir Momente puren Gl\u00fccks im Villaggio Orizzonte zu schenken!","breadcrumb":{"@id":"https:\/\/www.villaggioorizzonte.it\/de\/september-am-meer-in-der-toskana.html#breadcrumb"},"inLanguage":"de","potentialAction":[{"@type":"ReadAction","target":["https:\/\/www.villaggioorizzonte.it\/de\/september-am-meer-in-der-toskana.html"]}]},{"@type":"BreadcrumbList","@id":"https:\/\/www.villaggioorizzonte.it\/de\/september-am-meer-in-der-toskana.html#breadcrumb","itemListElement":[{"@type":"ListItem","position":1,"name":"Home","item":"https:\/\/www.villaggioorizzonte.it\/de\/"},{"@type":"ListItem","position":2,"name":"Offerte Settembre Toscana mare"}]},{"@type":"WebSite","@id":"https:\/\/www.villaggioorizzonte.it\/de\/#website","url":"https:\/\/www.villaggioorizzonte.it\/de\/","name":"Villaggio Orizzonte","description":"Villaggio Turistico","potentialAction":[{"@type":"SearchAction","target":{"@type":"EntryPoint","urlTemplate":"https:\/\/www.villaggioorizzonte.it\/de\/?s={search_term_string}"},"query-input":{"@type":"PropertyValueSpecification","valueRequired":true,"valueName":"search_term_string"}}],"inLanguage":"de"}]}},"_links":{"self":[{"href":"https:\/\/www.villaggioorizzonte.it\/de\/wp-json\/wp\/v2\/pages\/289763","targetHints":{"allow":["GET"]}}],"collection":[{"href":"https:\/\/www.villaggioorizzonte.it\/de\/wp-json\/wp\/v2\/pages"}],"about":[{"href":"https:\/\/www.villaggioorizzonte.it\/de\/wp-json\/wp\/v2\/types\/page"}],"author":[{"embeddable":true,"href":"https:\/\/www.villaggioorizzonte.it\/de\/wp-json\/wp\/v2\/users\/11"}],"replies":[{"embeddable":true,"href":"https:\/\/www.villaggioorizzonte.it\/de\/wp-json\/wp\/v2\/comments?post=289763"}],"version-history":[{"count":5,"href":"https:\/\/www.villaggioorizzonte.it\/de\/wp-json\/wp\/v2\/pages\/289763\/revisions"}],"predecessor-version":[{"id":291486,"href":"https:\/\/www.villaggioorizzonte.it\/de\/wp-json\/wp\/v2\/pages\/289763\/revisions\/291486"}],"wp:attachment":[{"href":"https:\/\/www.villaggioorizzonte.it\/de\/wp-json\/wp\/v2\/media?parent=289763"}],"curies":[{"name":"wp","href":"https:\/\/api.w.org\/{rel}","templated":true}]}}